{"id":3101,"date":"2026-08-12T12:57:17","date_gmt":"2026-08-12T12:57:17","guid":{"rendered":"https:\/\/gitelesintemporels.fr\/?page_id=3101"},"modified":"2026-08-15T13:36:01","modified_gmt":"2026-08-15T13:36:01","slug":"guide-touristique-bourgogne-du-sud","status":"publish","type":"page","link":"https:\/\/gitelesintemporels.fr\/en\/guide-touristique-bourgogne-du-sud\/","title":{"rendered":"Local Guide"},"content":{"rendered":"\t\t<div data-elementor-type=\"wp-page\" data-elementor-id=\"3101\" class=\"elementor elementor-3101\">\n\t\t\t\t<div class=\"elementor-element elementor-element-93aad65 e-con-full e-flex e-con e-parent\" data-id=\"93aad65\" data-element_type=\"container\" data-e-type=\"container\" data-settings=\"{&quot;background_background&quot;:&quot;classic&quot;}\">\n\t\t\t\t<div class=\"elementor-element elementor-element-6c32916 elementor-widget elementor-widget-heading\" data-id=\"6c32916\" data-element_type=\"widget\" data-e-type=\"widget\" data-widget_type=\"heading.default\">\n\t\t\t\t\t<h1 class=\"elementor-heading-title elementor-size-default\">D\u00e9couvrez la Bourgogne du Sud\n<\/h1>\t\t\t\t<\/div>\n\t\t<div class=\"elementor-element elementor-element-e8bd523 e-con-full elementor-hidden-mobile e-flex e-con e-child\" data-id=\"e8bd523\" data-element_type=\"container\" data-e-type=\"container\">\n\t\t\t\t<div class=\"elementor-element elementor-element-a2d0b84 elementor-widget elementor-widget-text-editor\" data-id=\"a2d0b84\" data-element_type=\"widget\" data-e-type=\"widget\" data-widget_type=\"text-editor.default\">\n\t\t\t\t\t\t\t\t\t<p>Nos bonnes adresses autour de Cuisery<\/p>\t\t\t\t\t\t\t\t<\/div>\n\t\t\t\t<\/div>\n\t\t\t\t<\/div>\n\t\t<div class=\"elementor-element elementor-element-b6824ee e-flex e-con-boxed e-con e-parent\" data-id=\"b6824ee\" data-element_type=\"container\" data-e-type=\"container\">\n\t\t\t\t\t<div class=\"e-con-inner\">\n\t\t<div class=\"elementor-element elementor-element-8dd42c6 e-con-full e-flex e-con e-child\" data-id=\"8dd42c6\" data-element_type=\"container\" data-e-type=\"container\" data-settings=\"{&quot;animation&quot;:&quot;none&quot;}\">\n\t\t\t\t<div class=\"elementor-element elementor-element-5fe5cd7 elementor-widget elementor-widget-heading\" data-id=\"5fe5cd7\" data-element_type=\"widget\" data-e-type=\"widget\" data-widget_type=\"heading.default\">\n\t\t\t\t\t<h2 class=\"elementor-heading-title elementor-size-default\">NOS COUPS DE C\u0152UR AUTOUR DE CUISERY\n<\/h2>\t\t\t\t<\/div>\n\t\t\t\t<div class=\"elementor-element elementor-element-51f5441 elementor-widget elementor-widget-text-editor\" data-id=\"51f5441\" data-element_type=\"widget\" data-e-type=\"widget\" data-widget_type=\"text-editor.default\">\n\t\t\t\t\t\t\t\t\t<p>Villages de caract\u00e8re, balades au fil de l\u2019eau, patrimoine, gastronomie et activit\u00e9s\u2026<\/p><p>Nous avons s\u00e9lectionn\u00e9 nos endroits pr\u00e9f\u00e9r\u00e9s autour de Cuisery pour vous aider \u00e0 profiter pleinement de votre s\u00e9jour.<\/p><p>Des id\u00e9es toutes proches ou un peu plus lointaines, choisies pour d\u00e9couvrir les plus beaux visages de la Bourgogne du Sud.<\/p>\t\t\t\t\t\t\t\t<\/div>\n\t\t\t\t<\/div>\n\t\t\t\t\t<\/div>\n\t\t\t\t<\/div>\n\t\t<div class=\"elementor-element elementor-element-4394668 e-flex e-con-boxed e-con e-parent\" data-id=\"4394668\" data-element_type=\"container\" data-e-type=\"container\">\n\t\t\t\t\t<div class=\"e-con-inner\">\n\t\t\t\t<div class=\"elementor-element elementor-element-5a2a5e8 elementor-widget elementor-widget-heading\" data-id=\"5a2a5e8\" data-element_type=\"widget\" data-e-type=\"widget\" data-widget_type=\"heading.default\">\n\t\t\t\t\t<h2 class=\"elementor-heading-title elementor-size-default\">Les incontournables\n<\/h2>\t\t\t\t<\/div>\n\t\t\t\t<div class=\"elementor-element elementor-element-5ab8719 elementor-widget elementor-widget-heading\" data-id=\"5ab8719\" data-element_type=\"widget\" data-e-type=\"widget\" data-widget_type=\"heading.default\">\n\t\t\t\t\t<h3 class=\"elementor-heading-title elementor-size-default\">Villages de caract\u00e8re, patrimoine remarquable et march\u00e9s traditionnels : d\u00e9couvrez les lieux incontournables autour de Cuisery.\n<\/h3>\t\t\t\t<\/div>\n\t\t\t\t\t<\/div>\n\t\t\t\t<\/div>\n\t\t<div class=\"elementor-element elementor-element-6e94459 e-flex e-con-boxed e-con e-parent\" data-id=\"6e94459\" data-element_type=\"container\" data-e-type=\"container\" data-settings=\"{&quot;background_background&quot;:&quot;classic&quot;}\">\n\t\t\t\t\t<div class=\"e-con-inner\">\n\t\t<div class=\"elementor-element elementor-element-9962918 e-con-full e-flex e-con e-child\" data-id=\"9962918\" data-element_type=\"container\" data-e-type=\"container\" data-settings=\"{&quot;background_background&quot;:&quot;classic&quot;}\">\n\t\t\t\t<div class=\"elementor-element elementor-element-672a01a elementor-widget elementor-widget-image\" data-id=\"672a01a\" data-element_type=\"widget\" data-e-type=\"widget\" data-widget_type=\"image.default\">\n\t\t\t\t\t\t\t\t\t\t\t\t\t\t\t<img fetchpriority=\"high\" decoding=\"async\" width=\"670\" height=\"447\" src=\"https:\/\/gitelesintemporels.fr\/wp-content\/uploads\/2026\/08\/gite-les-intemporels-village-du-livre.jpg\" class=\"attachment-large size-large wp-image-3121\" alt=\"\" srcset=\"https:\/\/gitelesintemporels.fr\/wp-content\/uploads\/2026\/08\/gite-les-intemporels-village-du-livre.jpg 670w, https:\/\/gitelesintemporels.fr\/wp-content\/uploads\/2026\/08\/gite-les-intemporels-village-du-livre-300x200.jpg 300w, https:\/\/gitelesintemporels.fr\/wp-content\/uploads\/2026\/08\/gite-les-intemporels-village-du-livre-18x12.jpg 18w\" sizes=\"(max-width: 670px) 100vw, 670px\" \/>\t\t\t\t\t\t\t\t\t\t\t\t\t\t\t<\/div>\n\t\t\t\t<div class=\"elementor-element elementor-element-087b540 elementor-widget elementor-widget-heading\" data-id=\"087b540\" data-element_type=\"widget\" data-e-type=\"widget\" data-widget_type=\"heading.default\">\n\t\t\t\t\t<h3 class=\"elementor-heading-title elementor-size-default\">Cuisery, Village du Livre<\/h3>\t\t\t\t<\/div>\n\t\t\t\t<div class=\"elementor-element elementor-element-6694a53 elementor-widget elementor-widget-text-editor\" data-id=\"6694a53\" data-element_type=\"widget\" data-e-type=\"widget\" data-widget_type=\"text-editor.default\">\n\t\t\t\t\t\t\t\t\t<p data-start=\"1040\" data-end=\"1274\">Fl\u00e2nez parmi les librairies et les bouquinistes, puis d\u00e9couvrez les ruelles anciennes et le patrimoine de notre charmant village.<\/p><p data-start=\"1040\" data-end=\"1274\">\u00c0 2 minutes<\/p>\t\t\t\t\t\t\t\t<\/div>\n\t\t\t\t<div class=\"elementor-element elementor-element-781fa85 elementor-widget elementor-widget-button\" data-id=\"781fa85\" data-element_type=\"widget\" data-e-type=\"widget\" data-widget_type=\"button.default\">\n\t\t\t\t\t\t\t\t\t\t<a class=\"elementor-button elementor-button-link elementor-size-sm\" href=\"https:\/\/www.bresse-bourguignonne.com\/cuisery.html\" target=\"_blank\">\n\t\t\t\t\t\t<span class=\"elementor-button-content-wrapper\">\n\t\t\t\t\t\t\t\t\t<span class=\"elementor-button-text\">D\u00e9couvrir Cuisery<\/span>\n\t\t\t\t\t<\/span>\n\t\t\t\t\t<\/a>\n\t\t\t\t\t\t\t\t<\/div>\n\t\t\t\t<\/div>\n\t\t<div class=\"elementor-element elementor-element-b232756 e-con-full e-flex e-con e-child\" data-id=\"b232756\" data-element_type=\"container\" data-e-type=\"container\" data-settings=\"{&quot;background_background&quot;:&quot;classic&quot;}\">\n\t\t\t\t<div class=\"elementor-element elementor-element-6d2aec2 elementor-widget elementor-widget-image\" data-id=\"6d2aec2\" data-element_type=\"widget\" data-e-type=\"widget\" data-widget_type=\"image.default\">\n\t\t\t\t\t\t\t\t\t\t\t\t\t\t\t<img decoding=\"async\" width=\"800\" height=\"540\" src=\"https:\/\/gitelesintemporels.fr\/wp-content\/uploads\/2026\/08\/gite-les-intemporels-destination-saone-et-loire.jpg\" class=\"attachment-large size-large wp-image-3129\" alt=\"\" srcset=\"https:\/\/gitelesintemporels.fr\/wp-content\/uploads\/2026\/08\/gite-les-intemporels-destination-saone-et-loire.jpg 800w, https:\/\/gitelesintemporels.fr\/wp-content\/uploads\/2026\/08\/gite-les-intemporels-destination-saone-et-loire-300x203.jpg 300w, https:\/\/gitelesintemporels.fr\/wp-content\/uploads\/2026\/08\/gite-les-intemporels-destination-saone-et-loire-768x518.jpg 768w, https:\/\/gitelesintemporels.fr\/wp-content\/uploads\/2026\/08\/gite-les-intemporels-destination-saone-et-loire-18x12.jpg 18w\" sizes=\"(max-width: 800px) 100vw, 800px\" \/>\t\t\t\t\t\t\t\t\t\t\t\t\t\t\t<\/div>\n\t\t\t\t<div class=\"elementor-element elementor-element-6f8446f elementor-widget elementor-widget-heading\" data-id=\"6f8446f\" data-element_type=\"widget\" data-e-type=\"widget\" data-widget_type=\"heading.default\">\n\t\t\t\t\t<h3 class=\"elementor-heading-title elementor-size-default\">Tournus et son abbaye<\/h3>\t\t\t\t<\/div>\n\t\t\t\t<div class=\"elementor-element elementor-element-222431a elementor-widget elementor-widget-text-editor\" data-id=\"222431a\" data-element_type=\"widget\" data-e-type=\"widget\" data-widget_type=\"text-editor.default\">\n\t\t\t\t\t\t\t\t\t<p data-start=\"1040\" data-end=\"1274\">Visitez l\u2019abbaye Saint-Philibert, promenez-vous dans les ruelles historiques et profitez des agr\u00e9ables quais de Sa\u00f4ne.<\/p><p data-start=\"1040\" data-end=\"1274\">\u00c0 10 minutes<\/p>\t\t\t\t\t\t\t\t<\/div>\n\t\t\t\t<div class=\"elementor-element elementor-element-6ece1f5 elementor-widget elementor-widget-button\" data-id=\"6ece1f5\" data-element_type=\"widget\" data-e-type=\"widget\" data-widget_type=\"button.default\">\n\t\t\t\t\t\t\t\t\t\t<a class=\"elementor-button elementor-button-link elementor-size-sm\" href=\"https:\/\/www.tournus-tourisme.com\/visites-incontournables\/abbaye-saint-philibert\/\" target=\"_blank\">\n\t\t\t\t\t\t<span class=\"elementor-button-content-wrapper\">\n\t\t\t\t\t\t\t\t\t<span class=\"elementor-button-text\">D\u00e9couvrir Tournus<\/span>\n\t\t\t\t\t<\/span>\n\t\t\t\t\t<\/a>\n\t\t\t\t\t\t\t\t<\/div>\n\t\t\t\t<\/div>\n\t\t<div class=\"elementor-element elementor-element-a360194 e-con-full e-flex e-con e-child\" data-id=\"a360194\" data-element_type=\"container\" data-e-type=\"container\" data-settings=\"{&quot;background_background&quot;:&quot;classic&quot;}\">\n\t\t\t\t<div class=\"elementor-element elementor-element-445fd1a elementor-widget elementor-widget-image\" data-id=\"445fd1a\" data-element_type=\"widget\" data-e-type=\"widget\" data-widget_type=\"image.default\">\n\t\t\t\t\t\t\t\t\t\t\t\t\t\t\t<img decoding=\"async\" width=\"1024\" height=\"768\" src=\"https:\/\/gitelesintemporels.fr\/wp-content\/uploads\/2026\/08\/gite-les-intemporels-marche-louhans-1024x768.png\" class=\"attachment-large size-large wp-image-3134\" alt=\"\" srcset=\"https:\/\/gitelesintemporels.fr\/wp-content\/uploads\/2026\/08\/gite-les-intemporels-marche-louhans-1024x768.png 1024w, https:\/\/gitelesintemporels.fr\/wp-content\/uploads\/2026\/08\/gite-les-intemporels-marche-louhans-300x225.png 300w, https:\/\/gitelesintemporels.fr\/wp-content\/uploads\/2026\/08\/gite-les-intemporels-marche-louhans-768x576.png 768w, https:\/\/gitelesintemporels.fr\/wp-content\/uploads\/2026\/08\/gite-les-intemporels-marche-louhans-16x12.png 16w, https:\/\/gitelesintemporels.fr\/wp-content\/uploads\/2026\/08\/gite-les-intemporels-marche-louhans.png 1448w\" sizes=\"(max-width: 1024px) 100vw, 1024px\" \/>\t\t\t\t\t\t\t\t\t\t\t\t\t\t\t<\/div>\n\t\t\t\t<div class=\"elementor-element elementor-element-76b2ff6 elementor-widget elementor-widget-heading\" data-id=\"76b2ff6\" data-element_type=\"widget\" data-e-type=\"widget\" data-widget_type=\"heading.default\">\n\t\t\t\t\t<h3 class=\"elementor-heading-title elementor-size-default\">Le march\u00e9 de Louhans\n<\/h3>\t\t\t\t<\/div>\n\t\t\t\t<div class=\"elementor-element elementor-element-8745219 elementor-widget elementor-widget-text-editor\" data-id=\"8745219\" data-element_type=\"widget\" data-e-type=\"widget\" data-widget_type=\"text-editor.default\">\n\t\t\t\t\t\t\t\t\t<p data-start=\"1040\" data-end=\"1274\">Chaque lundi matin, d\u00e9couvrez un grand march\u00e9 traditionnel, son c\u00e9l\u00e8bre march\u00e9 aux volailles et les magnifiques arcades de Louhans.<\/p><p data-start=\"1040\" data-end=\"1274\">\u00c0 20 minutes<\/p>\t\t\t\t\t\t\t\t<\/div>\n\t\t\t\t<div class=\"elementor-element elementor-element-75e5675 elementor-widget elementor-widget-button\" data-id=\"75e5675\" data-element_type=\"widget\" data-e-type=\"widget\" data-widget_type=\"button.default\">\n\t\t\t\t\t\t\t\t\t\t<a class=\"elementor-button elementor-button-link elementor-size-sm\" href=\"https:\/\/www.marchelouhanschateaurenaud.fr\/\" target=\"_blank\">\n\t\t\t\t\t\t<span class=\"elementor-button-content-wrapper\">\n\t\t\t\t\t\t\t\t\t<span class=\"elementor-button-text\">D\u00e9couvrir Louhans<\/span>\n\t\t\t\t\t<\/span>\n\t\t\t\t\t<\/a>\n\t\t\t\t\t\t\t\t<\/div>\n\t\t\t\t<\/div>\n\t\t<div class=\"elementor-element elementor-element-178f619 e-con-full e-flex e-con e-child\" data-id=\"178f619\" data-element_type=\"container\" data-e-type=\"container\" data-settings=\"{&quot;background_background&quot;:&quot;classic&quot;}\">\n\t\t\t\t<div class=\"elementor-element elementor-element-2654e52 elementor-widget elementor-widget-image\" data-id=\"2654e52\" data-element_type=\"widget\" data-e-type=\"widget\" data-widget_type=\"image.default\">\n\t\t\t\t\t\t\t\t\t\t\t\t\t\t\t<img loading=\"lazy\" decoding=\"async\" width=\"1024\" height=\"743\" src=\"https:\/\/gitelesintemporels.fr\/wp-content\/uploads\/2026\/08\/gite-les-intemporels-brancion-1024x743.png\" class=\"attachment-large size-large wp-image-3135\" alt=\"\" srcset=\"https:\/\/gitelesintemporels.fr\/wp-content\/uploads\/2026\/08\/gite-les-intemporels-brancion-1024x743.png 1024w, https:\/\/gitelesintemporels.fr\/wp-content\/uploads\/2026\/08\/gite-les-intemporels-brancion-300x218.png 300w, https:\/\/gitelesintemporels.fr\/wp-content\/uploads\/2026\/08\/gite-les-intemporels-brancion-768x557.png 768w, https:\/\/gitelesintemporels.fr\/wp-content\/uploads\/2026\/08\/gite-les-intemporels-brancion-18x12.png 18w, https:\/\/gitelesintemporels.fr\/wp-content\/uploads\/2026\/08\/gite-les-intemporels-brancion.png 1472w\" sizes=\"(max-width: 1024px) 100vw, 1024px\" \/>\t\t\t\t\t\t\t\t\t\t\t\t\t\t\t<\/div>\n\t\t\t\t<div class=\"elementor-element elementor-element-d8d8510 elementor-widget elementor-widget-heading\" data-id=\"d8d8510\" data-element_type=\"widget\" data-e-type=\"widget\" data-widget_type=\"heading.default\">\n\t\t\t\t\t<h3 class=\"elementor-heading-title elementor-size-default\">Le village m\u00e9di\u00e9val de Brancion<\/h3>\t\t\t\t<\/div>\n\t\t\t\t<div class=\"elementor-element elementor-element-37b5db0 elementor-widget elementor-widget-text-editor\" data-id=\"37b5db0\" data-element_type=\"widget\" data-e-type=\"widget\" data-widget_type=\"text-editor.default\">\n\t\t\t\t\t\t\t\t\t<p data-start=\"721\" data-end=\"851\">Parcourez les ruelles de ce village m\u00e9di\u00e9val pr\u00e9serv\u00e9 et profitez d\u2019un superbe panorama sur la Bourgogne du Sud.<\/p><p data-start=\"721\" data-end=\"851\">\u00c0 25 minutes<\/p>\t\t\t\t\t\t\t\t<\/div>\n\t\t\t\t<div class=\"elementor-element elementor-element-11667ae elementor-widget elementor-widget-button\" data-id=\"11667ae\" data-element_type=\"widget\" data-e-type=\"widget\" data-widget_type=\"button.default\">\n\t\t\t\t\t\t\t\t\t\t<a class=\"elementor-button elementor-button-link elementor-size-sm\" href=\"https:\/\/www.chateau-de-brancion.fr\/\" target=\"_blank\">\n\t\t\t\t\t\t<span class=\"elementor-button-content-wrapper\">\n\t\t\t\t\t\t\t\t\t<span class=\"elementor-button-text\">D\u00e9couvrir brancion<\/span>\n\t\t\t\t\t<\/span>\n\t\t\t\t\t<\/a>\n\t\t\t\t\t\t\t\t<\/div>\n\t\t\t\t<\/div>\n\t\t\t\t\t<\/div>\n\t\t\t\t<\/div>\n\t\t<div class=\"elementor-element elementor-element-f968a37 e-flex e-con-boxed e-con e-parent\" data-id=\"f968a37\" data-element_type=\"container\" data-e-type=\"container\">\n\t\t\t\t\t<div class=\"e-con-inner\">\n\t\t\t\t<div class=\"elementor-element elementor-element-e94d226 elementor-widget elementor-widget-heading\" data-id=\"e94d226\" data-element_type=\"widget\" data-e-type=\"widget\" data-widget_type=\"heading.default\">\n\t\t\t\t\t<h2 class=\"elementor-heading-title elementor-size-default\">Prendre l\u2019air<\/h2>\t\t\t\t<\/div>\n\t\t\t\t<div class=\"elementor-element elementor-element-b1ac416 elementor-widget elementor-widget-heading\" data-id=\"b1ac416\" data-element_type=\"widget\" data-e-type=\"widget\" data-widget_type=\"heading.default\">\n\t\t\t\t\t<h3 class=\"elementor-heading-title elementor-size-default\">Des balades paisibles au fil de l\u2019eau et des espaces naturels pr\u00e9serv\u00e9s pour d\u00e9couvrir la Bourgogne du Sud autrement.<\/h3>\t\t\t\t<\/div>\n\t\t\t\t\t<\/div>\n\t\t\t\t<\/div>\n\t\t<div class=\"elementor-element elementor-element-bd23054 e-flex e-con-boxed e-con e-parent\" data-id=\"bd23054\" data-element_type=\"container\" data-e-type=\"container\" data-settings=\"{&quot;background_background&quot;:&quot;classic&quot;}\">\n\t\t\t\t\t<div class=\"e-con-inner\">\n\t\t<div class=\"elementor-element elementor-element-69033b2 e-con-full e-flex e-con e-child\" data-id=\"69033b2\" data-element_type=\"container\" data-e-type=\"container\" data-settings=\"{&quot;background_background&quot;:&quot;classic&quot;}\">\n\t\t\t\t<div class=\"elementor-element elementor-element-501a0b5 elementor-widget elementor-widget-image\" data-id=\"501a0b5\" data-element_type=\"widget\" data-e-type=\"widget\" data-widget_type=\"image.default\">\n\t\t\t\t\t\t\t\t\t\t\t\t\t\t\t<img loading=\"lazy\" decoding=\"async\" width=\"1024\" height=\"768\" src=\"https:\/\/gitelesintemporels.fr\/wp-content\/uploads\/2026\/08\/gite-les-intemporels-cuisery-1024x768.png\" class=\"attachment-large size-large wp-image-3154\" alt=\"\" srcset=\"https:\/\/gitelesintemporels.fr\/wp-content\/uploads\/2026\/08\/gite-les-intemporels-cuisery-1024x768.png 1024w, https:\/\/gitelesintemporels.fr\/wp-content\/uploads\/2026\/08\/gite-les-intemporels-cuisery-300x225.png 300w, https:\/\/gitelesintemporels.fr\/wp-content\/uploads\/2026\/08\/gite-les-intemporels-cuisery-768x576.png 768w, https:\/\/gitelesintemporels.fr\/wp-content\/uploads\/2026\/08\/gite-les-intemporels-cuisery-16x12.png 16w, https:\/\/gitelesintemporels.fr\/wp-content\/uploads\/2026\/08\/gite-les-intemporels-cuisery.png 1448w\" sizes=\"(max-width: 1024px) 100vw, 1024px\" \/>\t\t\t\t\t\t\t\t\t\t\t\t\t\t\t<\/div>\n\t\t\t\t<div class=\"elementor-element elementor-element-74c8001 elementor-widget elementor-widget-heading\" data-id=\"74c8001\" data-element_type=\"widget\" data-e-type=\"widget\" data-widget_type=\"heading.default\">\n\t\t\t\t\t<h3 class=\"elementor-heading-title elementor-size-default\">Les bords de Seille \u00e0 Cuisery<\/h3>\t\t\t\t<\/div>\n\t\t\t\t<div class=\"elementor-element elementor-element-b927b50 elementor-widget elementor-widget-text-editor\" data-id=\"b927b50\" data-element_type=\"widget\" data-e-type=\"widget\" data-widget_type=\"text-editor.default\">\n\t\t\t\t\t\t\t\t\t<p data-start=\"1040\" data-end=\"1274\">Une promenade paisible au bord de l\u2019eau, id\u00e9ale pour prendre l\u2019air, observer la nature ou profiter de l\u2019aire de pique-nique.<\/p><p data-start=\"1040\" data-end=\"1274\">\u00c0 3 minutes<\/p>\t\t\t\t\t\t\t\t<\/div>\n\t\t\t\t<div class=\"elementor-element elementor-element-50bd115 elementor-widget elementor-widget-button\" data-id=\"50bd115\" data-element_type=\"widget\" data-e-type=\"widget\" data-widget_type=\"button.default\">\n\t\t\t\t\t\t\t\t\t\t<a class=\"elementor-button elementor-button-link elementor-size-sm\" href=\"https:\/\/www.bresse-bourguignonne.com\/les-bords-de-seille.html\" target=\"_blank\">\n\t\t\t\t\t\t<span class=\"elementor-button-content-wrapper\">\n\t\t\t\t\t\t\t\t\t<span class=\"elementor-button-text\">D\u00e9couvrir<\/span>\n\t\t\t\t\t<\/span>\n\t\t\t\t\t<\/a>\n\t\t\t\t\t\t\t\t<\/div>\n\t\t\t\t<\/div>\n\t\t<div class=\"elementor-element elementor-element-1f5a283 e-con-full e-flex e-con e-child\" data-id=\"1f5a283\" data-element_type=\"container\" data-e-type=\"container\" data-settings=\"{&quot;background_background&quot;:&quot;classic&quot;}\">\n\t\t\t\t<div class=\"elementor-element elementor-element-38f4ab0 elementor-widget elementor-widget-image\" data-id=\"38f4ab0\" data-element_type=\"widget\" data-e-type=\"widget\" data-widget_type=\"image.default\">\n\t\t\t\t\t\t\t\t\t\t\t\t\t\t\t<img loading=\"lazy\" decoding=\"async\" width=\"1024\" height=\"683\" src=\"https:\/\/gitelesintemporels.fr\/wp-content\/uploads\/2026\/08\/gite-les-intemporels-la-voie-bleue.jpg\" class=\"attachment-large size-large wp-image-3166\" alt=\"\" srcset=\"https:\/\/gitelesintemporels.fr\/wp-content\/uploads\/2026\/08\/gite-les-intemporels-la-voie-bleue.jpg 1024w, https:\/\/gitelesintemporels.fr\/wp-content\/uploads\/2026\/08\/gite-les-intemporels-la-voie-bleue-300x200.jpg 300w, https:\/\/gitelesintemporels.fr\/wp-content\/uploads\/2026\/08\/gite-les-intemporels-la-voie-bleue-768x512.jpg 768w, https:\/\/gitelesintemporels.fr\/wp-content\/uploads\/2026\/08\/gite-les-intemporels-la-voie-bleue-18x12.jpg 18w\" sizes=\"(max-width: 1024px) 100vw, 1024px\" \/>\t\t\t\t\t\t\t\t\t\t\t\t\t\t\t<\/div>\n\t\t\t\t<div class=\"elementor-element elementor-element-f8fe920 elementor-widget elementor-widget-heading\" data-id=\"f8fe920\" data-element_type=\"widget\" data-e-type=\"widget\" data-widget_type=\"heading.default\">\n\t\t\t\t\t<h3 class=\"elementor-heading-title elementor-size-default\">La Voie Verte\n<\/h3>\t\t\t\t<\/div>\n\t\t\t\t<div class=\"elementor-element elementor-element-3de70c8 elementor-widget elementor-widget-text-editor\" data-id=\"3de70c8\" data-element_type=\"widget\" data-e-type=\"widget\" data-widget_type=\"text-editor.default\">\n\t\t\t\t\t\t\t\t\t<p data-start=\"1040\" data-end=\"1274\">Au d\u00e9part de Cuisery, partez \u00e0 pied ou \u00e0 v\u00e9lo sur la Voie Verte \u00e0 travers la campagne bressane. Elle permet de rejoindre la Voie Bleue, qui longe la Sa\u00f4ne jusqu\u2019\u00e0 Tournus.<\/p><p data-start=\"1040\" data-end=\"1274\">\u00c0 2 minutes<\/p>\t\t\t\t\t\t\t\t<\/div>\n\t\t\t\t<div class=\"elementor-element elementor-element-3bc44a5 elementor-widget elementor-widget-button\" data-id=\"3bc44a5\" data-element_type=\"widget\" data-e-type=\"widget\" data-widget_type=\"button.default\">\n\t\t\t\t\t\t\t\t\t\t<a class=\"elementor-button elementor-button-link elementor-size-sm\" href=\"https:\/\/www.destination-saone-et-loire.fr\/fr\/itineraire\/bords-de-saone-et-voie-bressane.html\" target=\"_blank\">\n\t\t\t\t\t\t<span class=\"elementor-button-content-wrapper\">\n\t\t\t\t\t\t\t\t\t<span class=\"elementor-button-text\">D\u00e9couvrir<\/span>\n\t\t\t\t\t<\/span>\n\t\t\t\t\t<\/a>\n\t\t\t\t\t\t\t\t<\/div>\n\t\t\t\t<\/div>\n\t\t<div class=\"elementor-element elementor-element-1935634 e-con-full e-flex e-con e-child\" data-id=\"1935634\" data-element_type=\"container\" data-e-type=\"container\" data-settings=\"{&quot;background_background&quot;:&quot;classic&quot;}\">\n\t\t\t\t<div class=\"elementor-element elementor-element-7366b29 elementor-widget elementor-widget-image\" data-id=\"7366b29\" data-element_type=\"widget\" data-e-type=\"widget\" data-widget_type=\"image.default\">\n\t\t\t\t\t\t\t\t\t\t\t\t\t\t\t<img loading=\"lazy\" decoding=\"async\" width=\"1024\" height=\"683\" src=\"https:\/\/gitelesintemporels.fr\/wp-content\/uploads\/2026\/08\/gite-les-intemporels-reserve-naturelle.jpg\" class=\"attachment-large size-large wp-image-3165\" alt=\"\" srcset=\"https:\/\/gitelesintemporels.fr\/wp-content\/uploads\/2026\/08\/gite-les-intemporels-reserve-naturelle.jpg 1024w, https:\/\/gitelesintemporels.fr\/wp-content\/uploads\/2026\/08\/gite-les-intemporels-reserve-naturelle-300x200.jpg 300w, https:\/\/gitelesintemporels.fr\/wp-content\/uploads\/2026\/08\/gite-les-intemporels-reserve-naturelle-768x512.jpg 768w, https:\/\/gitelesintemporels.fr\/wp-content\/uploads\/2026\/08\/gite-les-intemporels-reserve-naturelle-18x12.jpg 18w\" sizes=\"(max-width: 1024px) 100vw, 1024px\" \/>\t\t\t\t\t\t\t\t\t\t\t\t\t\t\t<\/div>\n\t\t\t\t<div class=\"elementor-element elementor-element-b6d8c81 elementor-widget elementor-widget-heading\" data-id=\"b6d8c81\" data-element_type=\"widget\" data-e-type=\"widget\" data-widget_type=\"heading.default\">\n\t\t\t\t\t<h3 class=\"elementor-heading-title elementor-size-default\">La r\u00e9serve de La Truch\u00e8re<\/h3>\t\t\t\t<\/div>\n\t\t\t\t<div class=\"elementor-element elementor-element-766f266 elementor-widget elementor-widget-text-editor\" data-id=\"766f266\" data-element_type=\"widget\" data-e-type=\"widget\" data-widget_type=\"text-editor.default\">\n\t\t\t\t\t\t\t\t\t<p data-start=\"1040\" data-end=\"1274\">Explorez un espace naturel \u00e9tonnant compos\u00e9 d\u2019un \u00e9tang, de dunes de sable, de tourbi\u00e8res et de sentiers pr\u00e9serv\u00e9s.<\/p><p data-start=\"1040\" data-end=\"1274\">\u00c0 5 minutes<\/p>\t\t\t\t\t\t\t\t<\/div>\n\t\t\t\t<div class=\"elementor-element elementor-element-b2c907e elementor-widget elementor-widget-button\" data-id=\"b2c907e\" data-element_type=\"widget\" data-e-type=\"widget\" data-widget_type=\"button.default\">\n\t\t\t\t\t\t\t\t\t\t<a class=\"elementor-button elementor-button-link elementor-size-sm\" href=\"https:\/\/www.bresse-bourguignonne.com\/reserve-naturelle-de-la-truchere-ratenelle.html\" target=\"_blank\">\n\t\t\t\t\t\t<span class=\"elementor-button-content-wrapper\">\n\t\t\t\t\t\t\t\t\t<span class=\"elementor-button-text\">D\u00e9couvrir<\/span>\n\t\t\t\t\t<\/span>\n\t\t\t\t\t<\/a>\n\t\t\t\t\t\t\t\t<\/div>\n\t\t\t\t<\/div>\n\t\t<div class=\"elementor-element elementor-element-384cd60 e-con-full e-flex e-con e-child\" data-id=\"384cd60\" data-element_type=\"container\" data-e-type=\"container\" data-settings=\"{&quot;background_background&quot;:&quot;classic&quot;}\">\n\t\t\t\t<div class=\"elementor-element elementor-element-4da82e6 elementor-widget elementor-widget-image\" data-id=\"4da82e6\" data-element_type=\"widget\" data-e-type=\"widget\" data-widget_type=\"image.default\">\n\t\t\t\t\t\t\t\t\t\t\t\t\t\t\t<img loading=\"lazy\" decoding=\"async\" width=\"1024\" height=\"768\" src=\"https:\/\/gitelesintemporels.fr\/wp-content\/uploads\/2026\/08\/gite-les-intemporels-bords-de-saone-1024x768.png\" class=\"attachment-large size-large wp-image-3167\" alt=\"\" srcset=\"https:\/\/gitelesintemporels.fr\/wp-content\/uploads\/2026\/08\/gite-les-intemporels-bords-de-saone-1024x768.png 1024w, https:\/\/gitelesintemporels.fr\/wp-content\/uploads\/2026\/08\/gite-les-intemporels-bords-de-saone-300x225.png 300w, https:\/\/gitelesintemporels.fr\/wp-content\/uploads\/2026\/08\/gite-les-intemporels-bords-de-saone-768x576.png 768w, https:\/\/gitelesintemporels.fr\/wp-content\/uploads\/2026\/08\/gite-les-intemporels-bords-de-saone-16x12.png 16w, https:\/\/gitelesintemporels.fr\/wp-content\/uploads\/2026\/08\/gite-les-intemporels-bords-de-saone.png 1448w\" sizes=\"(max-width: 1024px) 100vw, 1024px\" \/>\t\t\t\t\t\t\t\t\t\t\t\t\t\t\t<\/div>\n\t\t\t\t<div class=\"elementor-element elementor-element-1a98ee3 elementor-widget elementor-widget-heading\" data-id=\"1a98ee3\" data-element_type=\"widget\" data-e-type=\"widget\" data-widget_type=\"heading.default\">\n\t\t\t\t\t<h3 class=\"elementor-heading-title elementor-size-default\">Les quais de Sa\u00f4ne\n<\/h3>\t\t\t\t<\/div>\n\t\t\t\t<div class=\"elementor-element elementor-element-dd952d6 elementor-widget elementor-widget-text-editor\" data-id=\"dd952d6\" data-element_type=\"widget\" data-e-type=\"widget\" data-widget_type=\"text-editor.default\">\n\t\t\t\t\t\t\t\t\t<p data-start=\"721\" data-end=\"851\">Promenez-vous au bord de la Sa\u00f4ne et profitez de belles vues sur Tournus, ses fa\u00e7ades color\u00e9es et son abbaye.<\/p><p data-start=\"721\" data-end=\"851\">\u00c0 10 minutes<\/p>\t\t\t\t\t\t\t\t<\/div>\n\t\t\t\t<div class=\"elementor-element elementor-element-e9143c7 elementor-widget elementor-widget-button\" data-id=\"e9143c7\" data-element_type=\"widget\" data-e-type=\"widget\" data-widget_type=\"button.default\">\n\t\t\t\t\t\t\t\t\t\t<a class=\"elementor-button elementor-button-link elementor-size-sm\" href=\"https:\/\/www.tournus-tourisme.com\/nos-essentiels\/a-la-decouverte-de-tournus\/tournus-la-ville-ancienne\/\" target=\"_blank\">\n\t\t\t\t\t\t<span class=\"elementor-button-content-wrapper\">\n\t\t\t\t\t\t\t\t\t<span class=\"elementor-button-text\">D\u00e9couvrir<\/span>\n\t\t\t\t\t<\/span>\n\t\t\t\t\t<\/a>\n\t\t\t\t\t\t\t\t<\/div>\n\t\t\t\t<\/div>\n\t\t\t\t\t<\/div>\n\t\t\t\t<\/div>\n\t\t<div class=\"elementor-element elementor-element-bd4dd4b e-flex e-con-boxed e-con e-parent\" data-id=\"bd4dd4b\" data-element_type=\"container\" data-e-type=\"container\">\n\t\t\t\t\t<div class=\"e-con-inner\">\n\t\t\t\t<div class=\"elementor-element elementor-element-0bb9616 elementor-widget elementor-widget-heading\" data-id=\"0bb9616\" data-element_type=\"widget\" data-e-type=\"widget\" data-widget_type=\"heading.default\">\n\t\t\t\t\t<h2 class=\"elementor-heading-title elementor-size-default\">Se r\u00e9galer\n<\/h2>\t\t\t\t<\/div>\n\t\t\t\t<div class=\"elementor-element elementor-element-0a536ff elementor-widget elementor-widget-heading\" data-id=\"0a536ff\" data-element_type=\"widget\" data-e-type=\"widget\" data-widget_type=\"heading.default\">\n\t\t\t\t\t<h3 class=\"elementor-heading-title elementor-size-default\">De la table conviviale \u00e0 l\u2019exp\u00e9rience gastronomique, d\u00e9couvrez quelques belles adresses autour de Cuisery et Tournus.\n<\/h3>\t\t\t\t<\/div>\n\t\t\t\t\t<\/div>\n\t\t\t\t<\/div>\n\t\t<div class=\"elementor-element elementor-element-0fe71fc e-flex e-con-boxed e-con e-parent\" data-id=\"0fe71fc\" data-element_type=\"container\" data-e-type=\"container\" data-settings=\"{&quot;background_background&quot;:&quot;classic&quot;}\">\n\t\t\t\t\t<div class=\"e-con-inner\">\n\t\t<div class=\"elementor-element elementor-element-342722c e-con-full e-flex e-con e-child\" data-id=\"342722c\" data-element_type=\"container\" data-e-type=\"container\" data-settings=\"{&quot;background_background&quot;:&quot;classic&quot;}\">\n\t\t\t\t<div class=\"elementor-element elementor-element-f869dc0 elementor-widget elementor-widget-image\" data-id=\"f869dc0\" data-element_type=\"widget\" data-e-type=\"widget\" data-widget_type=\"image.default\">\n\t\t\t\t\t\t\t\t\t\t\t\t\t\t\t<img loading=\"lazy\" decoding=\"async\" width=\"1024\" height=\"768\" src=\"https:\/\/gitelesintemporels.fr\/wp-content\/uploads\/2026\/08\/le-bistrot-italien-1024x768.jpg\" class=\"attachment-large size-large wp-image-3175\" alt=\"\" srcset=\"https:\/\/gitelesintemporels.fr\/wp-content\/uploads\/2026\/08\/le-bistrot-italien-1024x768.jpg 1024w, https:\/\/gitelesintemporels.fr\/wp-content\/uploads\/2026\/08\/le-bistrot-italien-300x225.jpg 300w, https:\/\/gitelesintemporels.fr\/wp-content\/uploads\/2026\/08\/le-bistrot-italien-768x576.jpg 768w, https:\/\/gitelesintemporels.fr\/wp-content\/uploads\/2026\/08\/le-bistrot-italien-1536x1152.jpg 1536w, https:\/\/gitelesintemporels.fr\/wp-content\/uploads\/2026\/08\/le-bistrot-italien-2048x1536.jpg 2048w, https:\/\/gitelesintemporels.fr\/wp-content\/uploads\/2026\/08\/le-bistrot-italien-16x12.jpg 16w\" sizes=\"(max-width: 1024px) 100vw, 1024px\" \/>\t\t\t\t\t\t\t\t\t\t\t\t\t\t\t<\/div>\n\t\t\t\t<div class=\"elementor-element elementor-element-6fe9272 elementor-widget elementor-widget-heading\" data-id=\"6fe9272\" data-element_type=\"widget\" data-e-type=\"widget\" data-widget_type=\"heading.default\">\n\t\t\t\t\t<h3 class=\"elementor-heading-title elementor-size-default\">Le Bistrot Italien\n<\/h3>\t\t\t\t<\/div>\n\t\t\t\t<div class=\"elementor-element elementor-element-76b2acb elementor-widget elementor-widget-text-editor\" data-id=\"76b2acb\" data-element_type=\"widget\" data-e-type=\"widget\" data-widget_type=\"text-editor.default\">\n\t\t\t\t\t\t\t\t\t<p data-start=\"1040\" data-end=\"1274\">Pizzas artisanales cuites au feu de bois et sp\u00e9cialit\u00e9s italiennes pr\u00e9par\u00e9es avec des produits de qualit\u00e9.<\/p><p data-start=\"1040\" data-end=\"1274\"><strong data-start=\"19\" data-end=\"42\">Nos coups de c\u0153ur :<\/strong> la pizza bressane et les ravioles au poulet\u2026 m\u00eame si, \u00e0 vrai dire, tout y est vraiment d\u00e9licieux !<\/p><p data-start=\"1040\" data-end=\"1274\">R\u00e9servation vivement conseill\u00e9e.<\/p><p data-start=\"1040\" data-end=\"1274\">\u00c0 2 minutes<\/p>\t\t\t\t\t\t\t\t<\/div>\n\t\t\t\t<div class=\"elementor-element elementor-element-61bed54 elementor-widget elementor-widget-button\" data-id=\"61bed54\" data-element_type=\"widget\" data-e-type=\"widget\" data-widget_type=\"button.default\">\n\t\t\t\t\t\t\t\t\t\t<a class=\"elementor-button elementor-button-link elementor-size-sm\" href=\"https:\/\/www.bistrotitalien.com\/\" target=\"_blank\">\n\t\t\t\t\t\t<span class=\"elementor-button-content-wrapper\">\n\t\t\t\t\t\t\t\t\t<span class=\"elementor-button-text\">D\u00e9couvrir<\/span>\n\t\t\t\t\t<\/span>\n\t\t\t\t\t<\/a>\n\t\t\t\t\t\t\t\t<\/div>\n\t\t\t\t<\/div>\n\t\t<div class=\"elementor-element elementor-element-4898bc3 e-con-full e-flex e-con e-child\" data-id=\"4898bc3\" data-element_type=\"container\" data-e-type=\"container\" data-settings=\"{&quot;background_background&quot;:&quot;classic&quot;}\">\n\t\t\t\t<div class=\"elementor-element elementor-element-cda5476 elementor-widget elementor-widget-image\" data-id=\"cda5476\" data-element_type=\"widget\" data-e-type=\"widget\" data-widget_type=\"image.default\">\n\t\t\t\t\t\t\t\t\t\t\t\t\t\t\t<img loading=\"lazy\" decoding=\"async\" width=\"320\" height=\"240\" src=\"https:\/\/gitelesintemporels.fr\/wp-content\/uploads\/2026\/08\/le-diap.jpg\" class=\"attachment-large size-large wp-image-3180\" alt=\"\" srcset=\"https:\/\/gitelesintemporels.fr\/wp-content\/uploads\/2026\/08\/le-diap.jpg 320w, https:\/\/gitelesintemporels.fr\/wp-content\/uploads\/2026\/08\/le-diap-300x225.jpg 300w, https:\/\/gitelesintemporels.fr\/wp-content\/uploads\/2026\/08\/le-diap-16x12.jpg 16w\" sizes=\"(max-width: 320px) 100vw, 320px\" \/>\t\t\t\t\t\t\t\t\t\t\t\t\t\t\t<\/div>\n\t\t\t\t<div class=\"elementor-element elementor-element-ea2008d elementor-widget elementor-widget-heading\" data-id=\"ea2008d\" data-element_type=\"widget\" data-e-type=\"widget\" data-widget_type=\"heading.default\">\n\t\t\t\t\t<h3 class=\"elementor-heading-title elementor-size-default\">Le Diap<\/h3>\t\t\t\t<\/div>\n\t\t\t\t<div class=\"elementor-element elementor-element-d161160 elementor-widget elementor-widget-text-editor\" data-id=\"d161160\" data-element_type=\"widget\" data-e-type=\"widget\" data-widget_type=\"text-editor.default\">\n\t\t\t\t\t\t\t\t\t<p data-start=\"1040\" data-end=\"1274\">Une adresse conviviale sp\u00e9cialis\u00e9e dans les viandes et les grillades, avec une cuisine g\u00e9n\u00e9reuse et une agr\u00e9able terrasse aux beaux jours.<\/p><p data-start=\"1040\" data-end=\"1274\"><strong data-start=\"0\" data-end=\"24\" data-is-only-node=\"\">Notre coup de c\u0153ur :<\/strong> les savoureuses brochettes de viande, g\u00e9n\u00e9reuses et parfaitement grill\u00e9es.<\/p><p data-start=\"1040\" data-end=\"1274\">\u00c0 3 minutes<\/p>\t\t\t\t\t\t\t\t<\/div>\n\t\t\t\t<div class=\"elementor-element elementor-element-5cbad67 elementor-widget elementor-widget-button\" data-id=\"5cbad67\" data-element_type=\"widget\" data-e-type=\"widget\" data-widget_type=\"button.default\">\n\t\t\t\t\t\t\t\t\t\t<a class=\"elementor-button elementor-button-link elementor-size-sm\" href=\"https:\/\/www.instagram.com\/le.diap\/\" target=\"_blank\">\n\t\t\t\t\t\t<span class=\"elementor-button-content-wrapper\">\n\t\t\t\t\t\t\t\t\t<span class=\"elementor-button-text\">D\u00e9couvrir<\/span>\n\t\t\t\t\t<\/span>\n\t\t\t\t\t<\/a>\n\t\t\t\t\t\t\t\t<\/div>\n\t\t\t\t<\/div>\n\t\t<div class=\"elementor-element elementor-element-90a5ee4 e-con-full e-flex e-con e-child\" data-id=\"90a5ee4\" data-element_type=\"container\" data-e-type=\"container\" data-settings=\"{&quot;background_background&quot;:&quot;classic&quot;}\">\n\t\t\t\t<div class=\"elementor-element elementor-element-dacd321 elementor-widget elementor-widget-image\" data-id=\"dacd321\" data-element_type=\"widget\" data-e-type=\"widget\" data-widget_type=\"image.default\">\n\t\t\t\t\t\t\t\t\t\t\t\t\t\t\t<img loading=\"lazy\" decoding=\"async\" width=\"515\" height=\"388\" src=\"https:\/\/gitelesintemporels.fr\/wp-content\/uploads\/2026\/08\/le-loisy.jpeg\" class=\"attachment-large size-large wp-image-3181\" alt=\"\" srcset=\"https:\/\/gitelesintemporels.fr\/wp-content\/uploads\/2026\/08\/le-loisy.jpeg 515w, https:\/\/gitelesintemporels.fr\/wp-content\/uploads\/2026\/08\/le-loisy-300x226.jpeg 300w, https:\/\/gitelesintemporels.fr\/wp-content\/uploads\/2026\/08\/le-loisy-16x12.jpeg 16w\" sizes=\"(max-width: 515px) 100vw, 515px\" \/>\t\t\t\t\t\t\t\t\t\t\t\t\t\t\t<\/div>\n\t\t\t\t<div class=\"elementor-element elementor-element-70152ce elementor-widget elementor-widget-heading\" data-id=\"70152ce\" data-element_type=\"widget\" data-e-type=\"widget\" data-widget_type=\"heading.default\">\n\t\t\t\t\t<h3 class=\"elementor-heading-title elementor-size-default\">Le Loisy\n<\/h3>\t\t\t\t<\/div>\n\t\t\t\t<div class=\"elementor-element elementor-element-ab1130e elementor-widget elementor-widget-text-editor\" data-id=\"ab1130e\" data-element_type=\"widget\" data-e-type=\"widget\" data-widget_type=\"text-editor.default\">\n\t\t\t\t\t\t\t\t\t<p data-start=\"1040\" data-end=\"1274\">Labellis\u00e9 Bistrot de Pays, Le Loisy propose une cuisine traditionnelle faite maison, \u00e9labor\u00e9e avec des produits frais et de saison, issus autant que possible de producteurs locaux.<\/p><div class=\"\" data-turn-id-container=\"request-WEB:786a1db4-3894-406f-85d8-7554c77ac832-14\" data-is-intersecting=\"true\"><section class=\"text-token-text-primary w-full focus:outline-none has-data-writing-block:pointer-events-none [&amp;:has([data-writing-block])&gt;*]:pointer-events-auto R6Vx5W_threadScrollVars scroll-mb-[calc(var(--scroll-root-safe-area-inset-bottom,0px)+var(--thread-response-height))] scroll-mt-[calc(var(--header-height)+min(200px,max(70px,20svh)))]\" dir=\"auto\" data-turn-id=\"request-WEB:786a1db4-3894-406f-85d8-7554c77ac832-14\" data-turn-id-container=\"request-WEB:786a1db4-3894-406f-85d8-7554c77ac832-14\" data-testid=\"conversation-turn-30\" data-turn=\"assistant\"><div class=\"text-base my-auto mx-auto pb-8 [--thread-content-margin:var(--thread-content-margin-xs,calc(var(--spacing)*4))] @w-sm\/main:[--thread-content-margin:var(--thread-content-margin-sm,calc(var(--spacing)*6))] @w-lg\/main:[--thread-content-margin:var(--thread-content-margin-lg,calc(var(--spacing)*16))] px-(--thread-content-margin)\"><div class=\"[--thread-content-max-width:40rem] @w-lg\/main:[--thread-content-max-width:48rem] mx-auto max-w-(--thread-content-max-width) flex-1 group\/turn-messages focus-visible:outline-hidden @[53.5rem]\/main:[--thread-content-max-width:48rem] relative flex w-full min-w-0 flex-col agent-turn\" data-conversation-screenshot-content=\"\"><div class=\"flex max-w-full flex-col gap-4 grow\"><div class=\"min-h-8 text-message relative flex w-full flex-col items-end gap-2 text-start break-words whitespace-normal outline-none keyboard-focused:focus-ring [.text-message+&amp;]:mt-1\" dir=\"auto\" tabindex=\"0\" data-message-author-role=\"assistant\" data-message-id=\"13915082-52d6-5914-8707-baedbdb00c09\" data-turn-start-message=\"true\" data-message-model-slug=\"gpt-5.6-sol-wm\"><div class=\"flex w-full flex-col gap-1 empty:hidden\"><div class=\"markdown prose dark:prose-invert wrap-break-word w-full light markdown-new-styling\"><p data-start=\"0\" data-end=\"89\" data-is-last-node=\"\" data-is-only-node=\"\"><strong data-start=\"0\" data-end=\"23\" data-is-only-node=\"\">Nos coups de c\u0153ur :<\/strong> le croustillant de Saint-Marcellin et l\u2019\u00e9chine de cochon fermier.<\/p><\/div><\/div><\/div><\/div><\/div><\/div><\/section><\/div><p data-start=\"1040\" data-end=\"1274\">\u00c0 7 minutes<\/p>\t\t\t\t\t\t\t\t<\/div>\n\t\t\t\t<div class=\"elementor-element elementor-element-af33764 elementor-widget elementor-widget-button\" data-id=\"af33764\" data-element_type=\"widget\" data-e-type=\"widget\" data-widget_type=\"button.default\">\n\t\t\t\t\t\t\t\t\t\t<a class=\"elementor-button elementor-button-link elementor-size-sm\" href=\"https:\/\/le-loisy.fr\/\" target=\"_blank\">\n\t\t\t\t\t\t<span class=\"elementor-button-content-wrapper\">\n\t\t\t\t\t\t\t\t\t<span class=\"elementor-button-text\">D\u00e9couvrir<\/span>\n\t\t\t\t\t<\/span>\n\t\t\t\t\t<\/a>\n\t\t\t\t\t\t\t\t<\/div>\n\t\t\t\t<\/div>\n\t\t<div class=\"elementor-element elementor-element-8e02c5e e-con-full e-flex e-con e-child\" data-id=\"8e02c5e\" data-element_type=\"container\" data-e-type=\"container\" data-settings=\"{&quot;background_background&quot;:&quot;classic&quot;}\">\n\t\t\t\t<div class=\"elementor-element elementor-element-c081f22 elementor-widget elementor-widget-image\" data-id=\"c081f22\" data-element_type=\"widget\" data-e-type=\"widget\" data-widget_type=\"image.default\">\n\t\t\t\t\t\t\t\t\t\t\t\t\t\t\t<img loading=\"lazy\" decoding=\"async\" width=\"1600\" height=\"900\" src=\"https:\/\/gitelesintemporels.fr\/wp-content\/uploads\/2026\/08\/le-bouchon-bourguignon.jpeg\" class=\"attachment-2048x2048 size-2048x2048 wp-image-3182\" alt=\"\" srcset=\"https:\/\/gitelesintemporels.fr\/wp-content\/uploads\/2026\/08\/le-bouchon-bourguignon.jpeg 1600w, https:\/\/gitelesintemporels.fr\/wp-content\/uploads\/2026\/08\/le-bouchon-bourguignon-300x169.jpeg 300w, https:\/\/gitelesintemporels.fr\/wp-content\/uploads\/2026\/08\/le-bouchon-bourguignon-1024x576.jpeg 1024w, https:\/\/gitelesintemporels.fr\/wp-content\/uploads\/2026\/08\/le-bouchon-bourguignon-768x432.jpeg 768w, https:\/\/gitelesintemporels.fr\/wp-content\/uploads\/2026\/08\/le-bouchon-bourguignon-1536x864.jpeg 1536w, https:\/\/gitelesintemporels.fr\/wp-content\/uploads\/2026\/08\/le-bouchon-bourguignon-18x10.jpeg 18w\" sizes=\"(max-width: 1600px) 100vw, 1600px\" \/>\t\t\t\t\t\t\t\t\t\t\t\t\t\t\t<\/div>\n\t\t\t\t<div class=\"elementor-element elementor-element-3aa80e3 elementor-widget elementor-widget-heading\" data-id=\"3aa80e3\" data-element_type=\"widget\" data-e-type=\"widget\" data-widget_type=\"heading.default\">\n\t\t\t\t\t<h3 class=\"elementor-heading-title elementor-size-default\">Maison Greuze\n<\/h3>\t\t\t\t<\/div>\n\t\t\t\t<div class=\"elementor-element elementor-element-763e731 elementor-widget elementor-widget-text-editor\" data-id=\"763e731\" data-element_type=\"widget\" data-e-type=\"widget\" data-widget_type=\"text-editor.default\">\n\t\t\t\t\t\t\t\t\t<p data-start=\"721\" data-end=\"851\">Deux exp\u00e9riences sign\u00e9es par le chef \u00e9toil\u00e9 Yohann Chapuis : Le Bouchon Bourguignon pour une cuisine de terroir g\u00e9n\u00e9reuse et L\u2019\u00c9crin pour une exp\u00e9rience gastronomique raffin\u00e9e.<\/p><p data-start=\"721\" data-end=\"851\"><strong data-start=\"46\" data-end=\"69\">Nos coups de c\u0153ur :<\/strong> les \u0153ufs en meurette, les escargots de Bourgogne, le p\u00e2t\u00e9 en cro\u00fbte et le sublime poulet aux morilles\u2026 Mais tous les plats sont merveilleux : quel que soit votre choix, vos papilles vous diront merci !<\/p><p data-start=\"721\" data-end=\"851\">\u00c0 10 minutes<\/p>\t\t\t\t\t\t\t\t<\/div>\n\t\t\t\t<div class=\"elementor-element elementor-element-5911ba2 elementor-widget elementor-widget-button\" data-id=\"5911ba2\" data-element_type=\"widget\" data-e-type=\"widget\" data-widget_type=\"button.default\">\n\t\t\t\t\t\t\t\t\t\t<a class=\"elementor-button elementor-button-link elementor-size-sm\" href=\"https:\/\/www.restaurant-greuze.fr\/\" target=\"_blank\">\n\t\t\t\t\t\t<span class=\"elementor-button-content-wrapper\">\n\t\t\t\t\t\t\t\t\t<span class=\"elementor-button-text\">D\u00e9couvrir<\/span>\n\t\t\t\t\t<\/span>\n\t\t\t\t\t<\/a>\n\t\t\t\t\t\t\t\t<\/div>\n\t\t\t\t<\/div>\n\t\t\t\t\t<\/div>\n\t\t\t\t<\/div>\n\t\t<div class=\"elementor-element elementor-element-994e71a e-flex e-con-boxed e-con e-parent\" data-id=\"994e71a\" data-element_type=\"container\" data-e-type=\"container\">\n\t\t\t\t\t<div class=\"e-con-inner\">\n\t\t\t\t<div class=\"elementor-element elementor-element-2b7d99f elementor-widget elementor-widget-heading\" data-id=\"2b7d99f\" data-element_type=\"widget\" data-e-type=\"widget\" data-widget_type=\"heading.default\">\n\t\t\t\t\t<h2 class=\"elementor-heading-title elementor-size-default\">Se divertir\n\n<\/h2>\t\t\t\t<\/div>\n\t\t\t\t<div class=\"elementor-element elementor-element-c9e12fc elementor-widget elementor-widget-heading\" data-id=\"c9e12fc\" data-element_type=\"widget\" data-e-type=\"widget\" data-widget_type=\"heading.default\">\n\t\t\t\t\t<h3 class=\"elementor-heading-title elementor-size-default\">Sur l\u2019eau, \u00e0 v\u00e9lo, dans les arbres ou au c\u0153ur de paysages embl\u00e9matiques, d\u00e9couvrez nos id\u00e9es d\u2019activit\u00e9s pour profiter pleinement de votre s\u00e9jour.\n<\/h3>\t\t\t\t<\/div>\n\t\t\t\t\t<\/div>\n\t\t\t\t<\/div>\n\t\t<div class=\"elementor-element elementor-element-569232f e-flex e-con-boxed e-con e-parent\" data-id=\"569232f\" data-element_type=\"container\" data-e-type=\"container\" data-settings=\"{&quot;background_background&quot;:&quot;classic&quot;}\">\n\t\t\t\t\t<div class=\"e-con-inner\">\n\t\t<div class=\"elementor-element elementor-element-aa32fde e-con-full e-flex e-con e-child\" data-id=\"aa32fde\" data-element_type=\"container\" data-e-type=\"container\" data-settings=\"{&quot;background_background&quot;:&quot;classic&quot;}\">\n\t\t\t\t<div class=\"elementor-element elementor-element-eeac27b elementor-widget elementor-widget-image\" data-id=\"eeac27b\" data-element_type=\"widget\" data-e-type=\"widget\" data-widget_type=\"image.default\">\n\t\t\t\t\t\t\t\t\t\t\t\t\t\t\t<img loading=\"lazy\" decoding=\"async\" width=\"1024\" height=\"768\" src=\"https:\/\/gitelesintemporels.fr\/wp-content\/uploads\/2026\/08\/gite-les-intemporels-au-bord-de-leau-1024x768.png\" class=\"attachment-large size-large wp-image-3192\" alt=\"\" srcset=\"https:\/\/gitelesintemporels.fr\/wp-content\/uploads\/2026\/08\/gite-les-intemporels-au-bord-de-leau-1024x768.png 1024w, https:\/\/gitelesintemporels.fr\/wp-content\/uploads\/2026\/08\/gite-les-intemporels-au-bord-de-leau-300x225.png 300w, https:\/\/gitelesintemporels.fr\/wp-content\/uploads\/2026\/08\/gite-les-intemporels-au-bord-de-leau-768x576.png 768w, https:\/\/gitelesintemporels.fr\/wp-content\/uploads\/2026\/08\/gite-les-intemporels-au-bord-de-leau-16x12.png 16w, https:\/\/gitelesintemporels.fr\/wp-content\/uploads\/2026\/08\/gite-les-intemporels-au-bord-de-leau.png 1448w\" sizes=\"(max-width: 1024px) 100vw, 1024px\" \/>\t\t\t\t\t\t\t\t\t\t\t\t\t\t\t<\/div>\n\t\t\t\t<div class=\"elementor-element elementor-element-5b67860 elementor-widget elementor-widget-heading\" data-id=\"5b67860\" data-element_type=\"widget\" data-e-type=\"widget\" data-widget_type=\"heading.default\">\n\t\t\t\t\t<h3 class=\"elementor-heading-title elementor-size-default\">Seille Attitude\n<\/h3>\t\t\t\t<\/div>\n\t\t\t\t<div class=\"elementor-element elementor-element-92d70a0 elementor-widget elementor-widget-text-editor\" data-id=\"92d70a0\" data-element_type=\"widget\" data-e-type=\"widget\" data-widget_type=\"text-editor.default\">\n\t\t\t\t\t\t\t\t\t<p data-start=\"1040\" data-end=\"1274\">Cano\u00eb, kayak, p\u00e9dalo, paddle, bateau \u00e9lectrique ou VTT : profitez d\u2019une escapade au fil de l\u2019eau, au d\u00e9part du port de Cuisery.<\/p><p data-start=\"1040\" data-end=\"1274\">\u00c0 3 minutes<\/p>\t\t\t\t\t\t\t\t<\/div>\n\t\t\t\t<div class=\"elementor-element elementor-element-55c4e57 elementor-widget elementor-widget-button\" data-id=\"55c4e57\" data-element_type=\"widget\" data-e-type=\"widget\" data-widget_type=\"button.default\">\n\t\t\t\t\t\t\t\t\t\t<a class=\"elementor-button elementor-button-link elementor-size-sm\" href=\"https:\/\/seille-attitude.com\/\" target=\"_blank\">\n\t\t\t\t\t\t<span class=\"elementor-button-content-wrapper\">\n\t\t\t\t\t\t\t\t\t<span class=\"elementor-button-text\">D\u00e9couvrir<\/span>\n\t\t\t\t\t<\/span>\n\t\t\t\t\t<\/a>\n\t\t\t\t\t\t\t\t<\/div>\n\t\t\t\t<\/div>\n\t\t<div class=\"elementor-element elementor-element-d950352 e-con-full e-flex e-con e-child\" data-id=\"d950352\" data-element_type=\"container\" data-e-type=\"container\" data-settings=\"{&quot;background_background&quot;:&quot;classic&quot;}\">\n\t\t\t\t<div class=\"elementor-element elementor-element-3bdc0bb elementor-widget elementor-widget-image\" data-id=\"3bdc0bb\" data-element_type=\"widget\" data-e-type=\"widget\" data-widget_type=\"image.default\">\n\t\t\t\t\t\t\t\t\t\t\t\t\t\t\t<img loading=\"lazy\" decoding=\"async\" width=\"380\" height=\"250\" src=\"https:\/\/gitelesintemporels.fr\/wp-content\/uploads\/2026\/08\/gite-les-intemporels-activites.jpeg\" class=\"attachment-large size-large wp-image-3190\" alt=\"\" srcset=\"https:\/\/gitelesintemporels.fr\/wp-content\/uploads\/2026\/08\/gite-les-intemporels-activites.jpeg 380w, https:\/\/gitelesintemporels.fr\/wp-content\/uploads\/2026\/08\/gite-les-intemporels-activites-300x197.jpeg 300w, https:\/\/gitelesintemporels.fr\/wp-content\/uploads\/2026\/08\/gite-les-intemporels-activites-18x12.jpeg 18w\" sizes=\"(max-width: 380px) 100vw, 380px\" \/>\t\t\t\t\t\t\t\t\t\t\t\t\t\t\t<\/div>\n\t\t\t\t<div class=\"elementor-element elementor-element-cb0e6db elementor-widget elementor-widget-heading\" data-id=\"cb0e6db\" data-element_type=\"widget\" data-e-type=\"widget\" data-widget_type=\"heading.default\">\n\t\t\t\t\t<h3 class=\"elementor-heading-title elementor-size-default\">Lugny Acro\u2019<\/h3>\t\t\t\t<\/div>\n\t\t\t\t<div class=\"elementor-element elementor-element-f16a9ce elementor-widget elementor-widget-text-editor\" data-id=\"f16a9ce\" data-element_type=\"widget\" data-e-type=\"widget\" data-widget_type=\"text-editor.default\">\n\t\t\t\t\t\t\t\t\t<p data-start=\"1040\" data-end=\"1274\">Plus de 160 ateliers dans les arbres, adapt\u00e9s \u00e0 tous les niveaux, avec tyroliennes et parcours s\u00e9curis\u00e9s pour petits et grands.<\/p><p data-start=\"1040\" data-end=\"1274\">\u00c0 25 minutes<\/p>\t\t\t\t\t\t\t\t<\/div>\n\t\t\t\t<div class=\"elementor-element elementor-element-29eb063 elementor-widget elementor-widget-button\" data-id=\"29eb063\" data-element_type=\"widget\" data-e-type=\"widget\" data-widget_type=\"button.default\">\n\t\t\t\t\t\t\t\t\t\t<a class=\"elementor-button elementor-button-link elementor-size-sm\" href=\"https:\/\/www.lugny-acro.com\/\" target=\"_blank\">\n\t\t\t\t\t\t<span class=\"elementor-button-content-wrapper\">\n\t\t\t\t\t\t\t\t\t<span class=\"elementor-button-text\">D\u00e9couvrir<\/span>\n\t\t\t\t\t<\/span>\n\t\t\t\t\t<\/a>\n\t\t\t\t\t\t\t\t<\/div>\n\t\t\t\t<\/div>\n\t\t<div class=\"elementor-element elementor-element-a59624d e-con-full e-flex e-con e-child\" data-id=\"a59624d\" data-element_type=\"container\" data-e-type=\"container\" data-settings=\"{&quot;background_background&quot;:&quot;classic&quot;}\">\n\t\t\t\t<div class=\"elementor-element elementor-element-db06b0c elementor-widget elementor-widget-image\" data-id=\"db06b0c\" data-element_type=\"widget\" data-e-type=\"widget\" data-widget_type=\"image.default\">\n\t\t\t\t\t\t\t\t\t\t\t\t\t\t\t<img loading=\"lazy\" decoding=\"async\" width=\"1024\" height=\"684\" src=\"https:\/\/gitelesintemporels.fr\/wp-content\/uploads\/2026\/08\/grottes-daze-1024x684.jpeg\" class=\"attachment-large size-large wp-image-3286\" alt=\"\" srcset=\"https:\/\/gitelesintemporels.fr\/wp-content\/uploads\/2026\/08\/grottes-daze-1024x684.jpeg 1024w, https:\/\/gitelesintemporels.fr\/wp-content\/uploads\/2026\/08\/grottes-daze-300x200.jpeg 300w, https:\/\/gitelesintemporels.fr\/wp-content\/uploads\/2026\/08\/grottes-daze-768x513.jpeg 768w, https:\/\/gitelesintemporels.fr\/wp-content\/uploads\/2026\/08\/grottes-daze-18x12.jpeg 18w, https:\/\/gitelesintemporels.fr\/wp-content\/uploads\/2026\/08\/grottes-daze.jpeg 1535w\" sizes=\"(max-width: 1024px) 100vw, 1024px\" \/>\t\t\t\t\t\t\t\t\t\t\t\t\t\t\t<\/div>\n\t\t\t\t<div class=\"elementor-element elementor-element-84711e9 elementor-widget elementor-widget-heading\" data-id=\"84711e9\" data-element_type=\"widget\" data-e-type=\"widget\" data-widget_type=\"heading.default\">\n\t\t\t\t\t<h3 class=\"elementor-heading-title elementor-size-default\">Les Grottes d\u2019Az\u00e9<\/h3>\t\t\t\t<\/div>\n\t\t\t\t<div class=\"elementor-element elementor-element-4433361 elementor-widget elementor-widget-text-editor\" data-id=\"4433361\" data-element_type=\"widget\" data-e-type=\"widget\" data-widget_type=\"text-editor.default\">\n\t\t\t\t\t\t\t\t\t<p data-start=\"1040\" data-end=\"1274\">Explorez deux grottes fascinantes entre rivi\u00e8re souterraine, concr\u00e9tions calcaires et vestiges pr\u00e9historiques. Une visite originale et rafra\u00eechissante pour petits et grands.<\/p><p data-start=\"1040\" data-end=\"1274\">\u00c0 30 minutes<\/p>\t\t\t\t\t\t\t\t<\/div>\n\t\t\t\t<div class=\"elementor-element elementor-element-fd0679f elementor-widget elementor-widget-button\" data-id=\"fd0679f\" data-element_type=\"widget\" data-e-type=\"widget\" data-widget_type=\"button.default\">\n\t\t\t\t\t\t\t\t\t\t<a class=\"elementor-button elementor-button-link elementor-size-sm\" href=\"https:\/\/grottes-aze71.fr\/\" target=\"_blank\">\n\t\t\t\t\t\t<span class=\"elementor-button-content-wrapper\">\n\t\t\t\t\t\t\t\t\t<span class=\"elementor-button-text\">D\u00e9couvrir<\/span>\n\t\t\t\t\t<\/span>\n\t\t\t\t\t<\/a>\n\t\t\t\t\t\t\t\t<\/div>\n\t\t\t\t<\/div>\n\t\t<div class=\"elementor-element elementor-element-c208dbc e-con-full e-flex e-con e-child\" data-id=\"c208dbc\" data-element_type=\"container\" data-e-type=\"container\" data-settings=\"{&quot;background_background&quot;:&quot;classic&quot;}\">\n\t\t\t\t<div class=\"elementor-element elementor-element-cf3f07f elementor-widget elementor-widget-image\" data-id=\"cf3f07f\" data-element_type=\"widget\" data-e-type=\"widget\" data-widget_type=\"image.default\">\n\t\t\t\t\t\t\t\t\t\t\t\t\t\t\t<img loading=\"lazy\" decoding=\"async\" width=\"1920\" height=\"1080\" src=\"https:\/\/gitelesintemporels.fr\/wp-content\/uploads\/2026\/08\/gite-les-intemporels-roche-de-solutre.jpg\" class=\"attachment-2048x2048 size-2048x2048 wp-image-3191\" alt=\"\" srcset=\"https:\/\/gitelesintemporels.fr\/wp-content\/uploads\/2026\/08\/gite-les-intemporels-roche-de-solutre.jpg 1920w, https:\/\/gitelesintemporels.fr\/wp-content\/uploads\/2026\/08\/gite-les-intemporels-roche-de-solutre-300x169.jpg 300w, https:\/\/gitelesintemporels.fr\/wp-content\/uploads\/2026\/08\/gite-les-intemporels-roche-de-solutre-1024x576.jpg 1024w, https:\/\/gitelesintemporels.fr\/wp-content\/uploads\/2026\/08\/gite-les-intemporels-roche-de-solutre-768x432.jpg 768w, https:\/\/gitelesintemporels.fr\/wp-content\/uploads\/2026\/08\/gite-les-intemporels-roche-de-solutre-1536x864.jpg 1536w, https:\/\/gitelesintemporels.fr\/wp-content\/uploads\/2026\/08\/gite-les-intemporels-roche-de-solutre-18x10.jpg 18w\" sizes=\"(max-width: 1920px) 100vw, 1920px\" \/>\t\t\t\t\t\t\t\t\t\t\t\t\t\t\t<\/div>\n\t\t\t\t<div class=\"elementor-element elementor-element-ac5ce44 elementor-widget elementor-widget-heading\" data-id=\"ac5ce44\" data-element_type=\"widget\" data-e-type=\"widget\" data-widget_type=\"heading.default\">\n\t\t\t\t\t<h3 class=\"elementor-heading-title elementor-size-default\">La Roche de Solutr\u00e9\n<\/h3>\t\t\t\t<\/div>\n\t\t\t\t<div class=\"elementor-element elementor-element-dd74065 elementor-widget elementor-widget-text-editor\" data-id=\"dd74065\" data-element_type=\"widget\" data-e-type=\"widget\" data-widget_type=\"text-editor.default\">\n\t\t\t\t\t\t\t\t\t<p data-start=\"721\" data-end=\"851\">Une promenade incontournable au milieu des vignobles, r\u00e9compens\u00e9e par un magnifique panorama sur les paysages du M\u00e2connais.<\/p><p data-start=\"721\" data-end=\"851\">\u00c0 45 minutes<\/p>\t\t\t\t\t\t\t\t<\/div>\n\t\t\t\t<div class=\"elementor-element elementor-element-c553959 elementor-widget elementor-widget-button\" data-id=\"c553959\" data-element_type=\"widget\" data-e-type=\"widget\" data-widget_type=\"button.default\">\n\t\t\t\t\t\t\t\t\t\t<a class=\"elementor-button elementor-button-link elementor-size-sm\" href=\"https:\/\/rochedesolutre.com\/\" target=\"_blank\">\n\t\t\t\t\t\t<span class=\"elementor-button-content-wrapper\">\n\t\t\t\t\t\t\t\t\t<span class=\"elementor-button-text\">D\u00e9couvrir<\/span>\n\t\t\t\t\t<\/span>\n\t\t\t\t\t<\/a>\n\t\t\t\t\t\t\t\t<\/div>\n\t\t\t\t<\/div>\n\t\t\t\t\t<\/div>\n\t\t\t\t<\/div>\n\t\t<div class=\"elementor-element elementor-element-e1e2f4b e-flex e-con-boxed e-con e-parent\" data-id=\"e1e2f4b\" data-element_type=\"container\" data-e-type=\"container\">\n\t\t\t\t\t<div class=\"e-con-inner\">\n\t\t\t\t<div class=\"elementor-element elementor-element-0d52d79 elementor-widget elementor-widget-heading\" data-id=\"0d52d79\" data-element_type=\"widget\" data-e-type=\"widget\" data-widget_type=\"heading.default\">\n\t\t\t\t\t<h2 class=\"elementor-heading-title elementor-size-default\">Cultiver sa curiosit\u00e9\n\n<\/h2>\t\t\t\t<\/div>\n\t\t\t\t<div class=\"elementor-element elementor-element-c886284 elementor-widget elementor-widget-heading\" data-id=\"c886284\" data-element_type=\"widget\" data-e-type=\"widget\" data-widget_type=\"heading.default\">\n\t\t\t\t\t<h3 class=\"elementor-heading-title elementor-size-default\">Sciences, photographie, histoire et patrimoine viticole : d\u00e9couvrez quatre lieux passionnants, de M\u00e2con \u00e0 Beaune, en passant par Cuisery et Chalon-sur-Sa\u00f4ne.<\/h3>\t\t\t\t<\/div>\n\t\t\t\t\t<\/div>\n\t\t\t\t<\/div>\n\t\t<div class=\"elementor-element elementor-element-7278a4c e-flex e-con-boxed e-con e-parent\" data-id=\"7278a4c\" data-element_type=\"container\" data-e-type=\"container\" data-settings=\"{&quot;background_background&quot;:&quot;classic&quot;}\">\n\t\t\t\t\t<div class=\"e-con-inner\">\n\t\t<div class=\"elementor-element elementor-element-0178741 e-con-full e-flex e-con e-child\" data-id=\"0178741\" data-element_type=\"container\" data-e-type=\"container\" data-settings=\"{&quot;background_background&quot;:&quot;classic&quot;}\">\n\t\t\t\t<div class=\"elementor-element elementor-element-2a377b5 elementor-widget elementor-widget-image\" data-id=\"2a377b5\" data-element_type=\"widget\" data-e-type=\"widget\" data-widget_type=\"image.default\">\n\t\t\t\t\t\t\t\t\t\t\t\t\t\t\t<img loading=\"lazy\" decoding=\"async\" width=\"1024\" height=\"575\" src=\"https:\/\/gitelesintemporels.fr\/wp-content\/uploads\/2026\/08\/centre-eden-1024x575.jpg\" class=\"attachment-large size-large wp-image-3200\" alt=\"\" srcset=\"https:\/\/gitelesintemporels.fr\/wp-content\/uploads\/2026\/08\/centre-eden-1024x575.jpg 1024w, https:\/\/gitelesintemporels.fr\/wp-content\/uploads\/2026\/08\/centre-eden-300x169.jpg 300w, https:\/\/gitelesintemporels.fr\/wp-content\/uploads\/2026\/08\/centre-eden-768x431.jpg 768w, https:\/\/gitelesintemporels.fr\/wp-content\/uploads\/2026\/08\/centre-eden-1536x863.jpg 1536w, https:\/\/gitelesintemporels.fr\/wp-content\/uploads\/2026\/08\/centre-eden-2048x1150.jpg 2048w, https:\/\/gitelesintemporels.fr\/wp-content\/uploads\/2026\/08\/centre-eden-18x10.jpg 18w\" sizes=\"(max-width: 1024px) 100vw, 1024px\" \/>\t\t\t\t\t\t\t\t\t\t\t\t\t\t\t<\/div>\n\t\t\t\t<div class=\"elementor-element elementor-element-38b81d6 elementor-widget elementor-widget-heading\" data-id=\"38b81d6\" data-element_type=\"widget\" data-e-type=\"widget\" data-widget_type=\"heading.default\">\n\t\t\t\t\t<h3 class=\"elementor-heading-title elementor-size-default\">Le Centre Eden<\/h3>\t\t\t\t<\/div>\n\t\t\t\t<div class=\"elementor-element elementor-element-da0dc3c elementor-widget elementor-widget-text-editor\" data-id=\"da0dc3c\" data-element_type=\"widget\" data-e-type=\"widget\" data-widget_type=\"text-editor.default\">\n\t\t\t\t\t\t\t\t\t<p data-start=\"1040\" data-end=\"1274\">Un espace ludique et interactif consacr\u00e9 \u00e0 la faune, \u00e0 la flore et aux milieux naturels de Bourgogne, avec expositions, cabinet de curiosit\u00e9s et plan\u00e9tarium.<\/p><p data-start=\"1040\" data-end=\"1274\">\u00c0 3 minutes<\/p>\t\t\t\t\t\t\t\t<\/div>\n\t\t\t\t<div class=\"elementor-element elementor-element-2369f84 elementor-widget elementor-widget-button\" data-id=\"2369f84\" data-element_type=\"widget\" data-e-type=\"widget\" data-widget_type=\"button.default\">\n\t\t\t\t\t\t\t\t\t\t<a class=\"elementor-button elementor-button-link elementor-size-sm\" href=\"https:\/\/centre-eden71.fr\/\" target=\"_blank\">\n\t\t\t\t\t\t<span class=\"elementor-button-content-wrapper\">\n\t\t\t\t\t\t\t\t\t<span class=\"elementor-button-text\">D\u00e9couvrir<\/span>\n\t\t\t\t\t<\/span>\n\t\t\t\t\t<\/a>\n\t\t\t\t\t\t\t\t<\/div>\n\t\t\t\t<\/div>\n\t\t<div class=\"elementor-element elementor-element-52d94f6 e-con-full e-flex e-con e-child\" data-id=\"52d94f6\" data-element_type=\"container\" data-e-type=\"container\" data-settings=\"{&quot;background_background&quot;:&quot;classic&quot;}\">\n\t\t\t\t<div class=\"elementor-element elementor-element-1a53198 elementor-widget elementor-widget-image\" data-id=\"1a53198\" data-element_type=\"widget\" data-e-type=\"widget\" data-widget_type=\"image.default\">\n\t\t\t\t\t\t\t\t\t\t\t\t\t\t\t<img loading=\"lazy\" decoding=\"async\" width=\"515\" height=\"388\" src=\"https:\/\/gitelesintemporels.fr\/wp-content\/uploads\/2026\/08\/musee-nicephore-niepce.jpeg\" class=\"attachment-large size-large wp-image-3262\" alt=\"\" srcset=\"https:\/\/gitelesintemporels.fr\/wp-content\/uploads\/2026\/08\/musee-nicephore-niepce.jpeg 515w, https:\/\/gitelesintemporels.fr\/wp-content\/uploads\/2026\/08\/musee-nicephore-niepce-300x226.jpeg 300w, https:\/\/gitelesintemporels.fr\/wp-content\/uploads\/2026\/08\/musee-nicephore-niepce-16x12.jpeg 16w\" sizes=\"(max-width: 515px) 100vw, 515px\" \/>\t\t\t\t\t\t\t\t\t\t\t\t\t\t\t<\/div>\n\t\t\t\t<div class=\"elementor-element elementor-element-56f5194 elementor-widget elementor-widget-heading\" data-id=\"56f5194\" data-element_type=\"widget\" data-e-type=\"widget\" data-widget_type=\"heading.default\">\n\t\t\t\t\t<h3 class=\"elementor-heading-title elementor-size-default\">Le Mus\u00e9e Nic\u00e9phore Ni\u00e9pce\n<\/h3>\t\t\t\t<\/div>\n\t\t\t\t<div class=\"elementor-element elementor-element-7e79a12 elementor-widget elementor-widget-text-editor\" data-id=\"7e79a12\" data-element_type=\"widget\" data-e-type=\"widget\" data-widget_type=\"text-editor.default\">\n\t\t\t\t\t\t\t\t\t<p data-start=\"1040\" data-end=\"1274\">D\u00e9couvrez l\u2019histoire de la photographie, de son invention par Nic\u00e9phore Ni\u00e9pce jusqu\u2019\u00e0 l\u2019image num\u00e9rique, \u00e0 travers des appareils, objets et photographies uniques.<\/p><p data-start=\"1040\" data-end=\"1274\">\u00c0 30 minutes<\/p>\t\t\t\t\t\t\t\t<\/div>\n\t\t\t\t<div class=\"elementor-element elementor-element-8a9e312 elementor-widget elementor-widget-button\" data-id=\"8a9e312\" data-element_type=\"widget\" data-e-type=\"widget\" data-widget_type=\"button.default\">\n\t\t\t\t\t\t\t\t\t\t<a class=\"elementor-button elementor-button-link elementor-size-sm\" href=\"https:\/\/m.museeniepce.com\/\" target=\"_blank\">\n\t\t\t\t\t\t<span class=\"elementor-button-content-wrapper\">\n\t\t\t\t\t\t\t\t\t<span class=\"elementor-button-text\">D\u00e9couvrir<\/span>\n\t\t\t\t\t<\/span>\n\t\t\t\t\t<\/a>\n\t\t\t\t\t\t\t\t<\/div>\n\t\t\t\t<\/div>\n\t\t<div class=\"elementor-element elementor-element-6fd0f86 e-con-full e-flex e-con e-child\" data-id=\"6fd0f86\" data-element_type=\"container\" data-e-type=\"container\" data-settings=\"{&quot;background_background&quot;:&quot;classic&quot;}\">\n\t\t\t\t<div class=\"elementor-element elementor-element-2ae0b67 elementor-widget elementor-widget-image\" data-id=\"2ae0b67\" data-element_type=\"widget\" data-e-type=\"widget\" data-widget_type=\"image.default\">\n\t\t\t\t\t\t\t\t\t\t\t\t\t\t\t<img loading=\"lazy\" decoding=\"async\" width=\"800\" height=\"534\" src=\"https:\/\/gitelesintemporels.fr\/wp-content\/uploads\/2026\/08\/musee-des-ursulines-macon.jpg\" class=\"attachment-large size-large wp-image-3202\" alt=\"\" srcset=\"https:\/\/gitelesintemporels.fr\/wp-content\/uploads\/2026\/08\/musee-des-ursulines-macon.jpg 800w, https:\/\/gitelesintemporels.fr\/wp-content\/uploads\/2026\/08\/musee-des-ursulines-macon-300x200.jpg 300w, https:\/\/gitelesintemporels.fr\/wp-content\/uploads\/2026\/08\/musee-des-ursulines-macon-768x513.jpg 768w, https:\/\/gitelesintemporels.fr\/wp-content\/uploads\/2026\/08\/musee-des-ursulines-macon-18x12.jpg 18w\" sizes=\"(max-width: 800px) 100vw, 800px\" \/>\t\t\t\t\t\t\t\t\t\t\t\t\t\t\t<\/div>\n\t\t\t\t<div class=\"elementor-element elementor-element-6ebbdae elementor-widget elementor-widget-heading\" data-id=\"6ebbdae\" data-element_type=\"widget\" data-e-type=\"widget\" data-widget_type=\"heading.default\">\n\t\t\t\t\t<h3 class=\"elementor-heading-title elementor-size-default\">Le Mus\u00e9e des Ursulines<\/h3>\t\t\t\t<\/div>\n\t\t\t\t<div class=\"elementor-element elementor-element-8c07d66 elementor-widget elementor-widget-text-editor\" data-id=\"8c07d66\" data-element_type=\"widget\" data-e-type=\"widget\" data-widget_type=\"text-editor.default\">\n\t\t\t\t\t\t\t\t\t<p data-start=\"1040\" data-end=\"1274\">Install\u00e9 dans un ancien couvent, ce mus\u00e9e retrace l\u2019histoire de M\u00e2con \u00e0 travers l\u2019arch\u00e9ologie, les beaux-arts et un espace consacr\u00e9 \u00e0 Alphonse de Lamartine.<\/p><p data-start=\"1040\" data-end=\"1274\">\u00c0 35 minutes<\/p>\t\t\t\t\t\t\t\t<\/div>\n\t\t\t\t<div class=\"elementor-element elementor-element-a5c69ce elementor-widget elementor-widget-button\" data-id=\"a5c69ce\" data-element_type=\"widget\" data-e-type=\"widget\" data-widget_type=\"button.default\">\n\t\t\t\t\t\t\t\t\t\t<a class=\"elementor-button elementor-button-link elementor-size-sm\" href=\"https:\/\/www.macon.fr\/vivre-et-bouger-a-macon\/culture\/musee-des-ursulines\" target=\"_blank\">\n\t\t\t\t\t\t<span class=\"elementor-button-content-wrapper\">\n\t\t\t\t\t\t\t\t\t<span class=\"elementor-button-text\">D\u00e9couvrir<\/span>\n\t\t\t\t\t<\/span>\n\t\t\t\t\t<\/a>\n\t\t\t\t\t\t\t\t<\/div>\n\t\t\t\t<\/div>\n\t\t<div class=\"elementor-element elementor-element-65318a1 e-con-full e-flex e-con e-child\" data-id=\"65318a1\" data-element_type=\"container\" data-e-type=\"container\" data-settings=\"{&quot;background_background&quot;:&quot;classic&quot;}\">\n\t\t\t\t<div class=\"elementor-element elementor-element-818a5ef elementor-widget elementor-widget-image\" data-id=\"818a5ef\" data-element_type=\"widget\" data-e-type=\"widget\" data-widget_type=\"image.default\">\n\t\t\t\t\t\t\t\t\t\t\t\t\t\t\t<img loading=\"lazy\" decoding=\"async\" width=\"547\" height=\"365\" src=\"https:\/\/gitelesintemporels.fr\/wp-content\/uploads\/2026\/08\/cave-patriarche.jpeg\" class=\"attachment-2048x2048 size-2048x2048 wp-image-3207\" alt=\"\" srcset=\"https:\/\/gitelesintemporels.fr\/wp-content\/uploads\/2026\/08\/cave-patriarche.jpeg 547w, https:\/\/gitelesintemporels.fr\/wp-content\/uploads\/2026\/08\/cave-patriarche-300x200.jpeg 300w, https:\/\/gitelesintemporels.fr\/wp-content\/uploads\/2026\/08\/cave-patriarche-18x12.jpeg 18w\" sizes=\"(max-width: 547px) 100vw, 547px\" \/>\t\t\t\t\t\t\t\t\t\t\t\t\t\t\t<\/div>\n\t\t\t\t<div class=\"elementor-element elementor-element-181afac elementor-widget elementor-widget-heading\" data-id=\"181afac\" data-element_type=\"widget\" data-e-type=\"widget\" data-widget_type=\"heading.default\">\n\t\t\t\t\t<h3 class=\"elementor-heading-title elementor-size-default\">Les Caves Patriarche<\/h3>\t\t\t\t<\/div>\n\t\t\t\t<div class=\"elementor-element elementor-element-19a0e69 elementor-widget elementor-widget-text-editor\" data-id=\"19a0e69\" data-element_type=\"widget\" data-e-type=\"widget\" data-widget_type=\"text-editor.default\">\n\t\t\t\t\t\t\t\t\t<p data-start=\"721\" data-end=\"851\">D\u00e9couvrez un lieu unique en Bourgogne : un labyrinthe de 5 km de galeries vo\u00fbt\u00e9es, dont les plus anciennes remontent au XIII\u1d49 si\u00e8cle, abritant des millions de bouteilles. Une visite magique et hors du temps.<\/p><p data-start=\"721\" data-end=\"851\">\u00c0 45 minutes<\/p>\t\t\t\t\t\t\t\t<\/div>\n\t\t\t\t<div class=\"elementor-element elementor-element-eccdf66 elementor-widget elementor-widget-button\" data-id=\"eccdf66\" data-element_type=\"widget\" data-e-type=\"widget\" data-widget_type=\"button.default\">\n\t\t\t\t\t\t\t\t\t\t<a class=\"elementor-button elementor-button-link elementor-size-sm\" href=\"https:\/\/www.patriarche.com\/fr\/visiter-nos-caves\" target=\"_blank\">\n\t\t\t\t\t\t<span class=\"elementor-button-content-wrapper\">\n\t\t\t\t\t\t\t\t\t<span class=\"elementor-button-text\">D\u00e9couvrir<\/span>\n\t\t\t\t\t<\/span>\n\t\t\t\t\t<\/a>\n\t\t\t\t\t\t\t\t<\/div>\n\t\t\t\t<\/div>\n\t\t\t\t\t<\/div>\n\t\t\t\t<\/div>\n\t\t<div class=\"elementor-element elementor-element-602a754 e-flex e-con-boxed e-con e-parent\" data-id=\"602a754\" data-element_type=\"container\" data-e-type=\"container\">\n\t\t\t\t\t<div class=\"e-con-inner\">\n\t\t\t\t<div class=\"elementor-element elementor-element-145153b elementor-widget elementor-widget-heading\" data-id=\"145153b\" data-element_type=\"widget\" data-e-type=\"widget\" data-widget_type=\"heading.default\">\n\t\t\t\t\t<h2 class=\"elementor-heading-title elementor-size-default\">Fl\u00e2ner sur les march\u00e9s\n\n<\/h2>\t\t\t\t<\/div>\n\t\t\t\t<div class=\"elementor-element elementor-element-5447bfb elementor-widget elementor-widget-heading\" data-id=\"5447bfb\" data-element_type=\"widget\" data-e-type=\"widget\" data-widget_type=\"heading.default\">\n\t\t\t\t\t<h3 class=\"elementor-heading-title elementor-size-default\">Produits locaux, sp\u00e9cialit\u00e9s r\u00e9gionales et ambiance conviviale : profitez des march\u00e9s alentour pour d\u00e9couvrir les saveurs et l\u2019art de vivre de la r\u00e9gion.<\/h3>\t\t\t\t<\/div>\n\t\t\t\t\t<\/div>\n\t\t\t\t<\/div>\n\t\t<div class=\"elementor-element elementor-element-6d4ff2d e-flex e-con-boxed e-con e-parent\" data-id=\"6d4ff2d\" data-element_type=\"container\" data-e-type=\"container\" data-settings=\"{&quot;background_background&quot;:&quot;classic&quot;}\">\n\t\t\t\t\t<div class=\"e-con-inner\">\n\t\t<div class=\"elementor-element elementor-element-5c4d55e e-con-full e-flex e-con e-child\" data-id=\"5c4d55e\" data-element_type=\"container\" data-e-type=\"container\" data-settings=\"{&quot;background_background&quot;:&quot;classic&quot;}\">\n\t\t\t\t<div class=\"elementor-element elementor-element-406644a elementor-widget elementor-widget-image\" data-id=\"406644a\" data-element_type=\"widget\" data-e-type=\"widget\" data-widget_type=\"image.default\">\n\t\t\t\t\t\t\t\t\t\t\t\t\t\t\t<img loading=\"lazy\" decoding=\"async\" width=\"651\" height=\"471\" src=\"https:\/\/gitelesintemporels.fr\/wp-content\/uploads\/2026\/08\/marche-cuisery.jpeg\" class=\"attachment-large size-large wp-image-3212\" alt=\"\" srcset=\"https:\/\/gitelesintemporels.fr\/wp-content\/uploads\/2026\/08\/marche-cuisery.jpeg 651w, https:\/\/gitelesintemporels.fr\/wp-content\/uploads\/2026\/08\/marche-cuisery-300x217.jpeg 300w, https:\/\/gitelesintemporels.fr\/wp-content\/uploads\/2026\/08\/marche-cuisery-18x12.jpeg 18w\" sizes=\"(max-width: 651px) 100vw, 651px\" \/>\t\t\t\t\t\t\t\t\t\t\t\t\t\t\t<\/div>\n\t\t\t\t<div class=\"elementor-element elementor-element-f168080 elementor-widget elementor-widget-heading\" data-id=\"f168080\" data-element_type=\"widget\" data-e-type=\"widget\" data-widget_type=\"heading.default\">\n\t\t\t\t\t<h3 class=\"elementor-heading-title elementor-size-default\">Le march\u00e9 de Cuisery<\/h3>\t\t\t\t<\/div>\n\t\t\t\t<div class=\"elementor-element elementor-element-7da280d elementor-widget elementor-widget-text-editor\" data-id=\"7da280d\" data-element_type=\"widget\" data-e-type=\"widget\" data-widget_type=\"text-editor.default\">\n\t\t\t\t\t\t\t\t\t<p data-start=\"1040\" data-end=\"1274\">Le mardi matin<\/p><p data-start=\"1040\" data-end=\"1274\">Un march\u00e9 local et convivial o\u00f9 vous trouverez fruits et l\u00e9gumes, poissons, fromages, volailles, plats \u00e0 emporter, plantations et v\u00eatements.<\/p><p data-start=\"1040\" data-end=\"1274\">\u00c0 2 minutes<\/p>\t\t\t\t\t\t\t\t<\/div>\n\t\t\t\t<div class=\"elementor-element elementor-element-8b189ff elementor-widget elementor-widget-button\" data-id=\"8b189ff\" data-element_type=\"widget\" data-e-type=\"widget\" data-widget_type=\"button.default\">\n\t\t\t\t\t\t\t\t\t\t<a class=\"elementor-button elementor-button-link elementor-size-sm\" href=\"https:\/\/www.cuisery.fr\/economie-travaux-subventions\/marche-du-mardi\/\" target=\"_blank\">\n\t\t\t\t\t\t<span class=\"elementor-button-content-wrapper\">\n\t\t\t\t\t\t\t\t\t<span class=\"elementor-button-text\">D\u00e9couvrir<\/span>\n\t\t\t\t\t<\/span>\n\t\t\t\t\t<\/a>\n\t\t\t\t\t\t\t\t<\/div>\n\t\t\t\t<\/div>\n\t\t<div class=\"elementor-element elementor-element-7e37548 e-con-full e-flex e-con e-child\" data-id=\"7e37548\" data-element_type=\"container\" data-e-type=\"container\" data-settings=\"{&quot;background_background&quot;:&quot;classic&quot;}\">\n\t\t\t\t<div class=\"elementor-element elementor-element-f1ece1d elementor-widget elementor-widget-image\" data-id=\"f1ece1d\" data-element_type=\"widget\" data-e-type=\"widget\" data-widget_type=\"image.default\">\n\t\t\t\t\t\t\t\t\t\t\t\t\t\t\t<img loading=\"lazy\" decoding=\"async\" width=\"678\" height=\"452\" src=\"https:\/\/gitelesintemporels.fr\/wp-content\/uploads\/2026\/08\/marche-pont-de-vaux.jpeg\" class=\"attachment-large size-large wp-image-3213\" alt=\"\" srcset=\"https:\/\/gitelesintemporels.fr\/wp-content\/uploads\/2026\/08\/marche-pont-de-vaux.jpeg 678w, https:\/\/gitelesintemporels.fr\/wp-content\/uploads\/2026\/08\/marche-pont-de-vaux-300x200.jpeg 300w, https:\/\/gitelesintemporels.fr\/wp-content\/uploads\/2026\/08\/marche-pont-de-vaux-18x12.jpeg 18w\" sizes=\"(max-width: 678px) 100vw, 678px\" \/>\t\t\t\t\t\t\t\t\t\t\t\t\t\t\t<\/div>\n\t\t\t\t<div class=\"elementor-element elementor-element-363f846 elementor-widget elementor-widget-heading\" data-id=\"363f846\" data-element_type=\"widget\" data-e-type=\"widget\" data-widget_type=\"heading.default\">\n\t\t\t\t\t<h3 class=\"elementor-heading-title elementor-size-default\">Le march\u00e9 de Pont-de-Vaux\n<\/h3>\t\t\t\t<\/div>\n\t\t\t\t<div class=\"elementor-element elementor-element-32f6aea elementor-widget elementor-widget-text-editor\" data-id=\"32f6aea\" data-element_type=\"widget\" data-e-type=\"widget\" data-widget_type=\"text-editor.default\">\n\t\t\t\t\t\t\t\t\t<p data-start=\"1040\" data-end=\"1274\">Le mercredi matin<\/p><p data-start=\"1040\" data-end=\"1274\">Un grand march\u00e9 vivant et color\u00e9 r\u00e9unissant jusqu\u2019\u00e0 150 exposants : volailles de Bresse, fruits et l\u00e9gumes, produits locaux, v\u00eatements et arts de la table.<\/p><p data-start=\"1040\" data-end=\"1274\">\u00c0 15 minutes<\/p>\t\t\t\t\t\t\t\t<\/div>\n\t\t\t\t<div class=\"elementor-element elementor-element-44dcb22 elementor-widget elementor-widget-button\" data-id=\"44dcb22\" data-element_type=\"widget\" data-e-type=\"widget\" data-widget_type=\"button.default\">\n\t\t\t\t\t\t\t\t\t\t<a class=\"elementor-button elementor-button-link elementor-size-sm\" href=\"https:\/\/www.bage-pontdevaux-tourisme.com\/fiche\/marche-hebdomadaire-4\/\" target=\"_blank\">\n\t\t\t\t\t\t<span class=\"elementor-button-content-wrapper\">\n\t\t\t\t\t\t\t\t\t<span class=\"elementor-button-text\">D\u00e9couvrir<\/span>\n\t\t\t\t\t<\/span>\n\t\t\t\t\t<\/a>\n\t\t\t\t\t\t\t\t<\/div>\n\t\t\t\t<\/div>\n\t\t<div class=\"elementor-element elementor-element-367e764 e-con-full e-flex e-con e-child\" data-id=\"367e764\" data-element_type=\"container\" data-e-type=\"container\" data-settings=\"{&quot;background_background&quot;:&quot;classic&quot;}\">\n\t\t\t\t<div class=\"elementor-element elementor-element-098c5c5 elementor-widget elementor-widget-image\" data-id=\"098c5c5\" data-element_type=\"widget\" data-e-type=\"widget\" data-widget_type=\"image.default\">\n\t\t\t\t\t\t\t\t\t\t\t\t\t\t\t<img loading=\"lazy\" decoding=\"async\" width=\"678\" height=\"452\" src=\"https:\/\/gitelesintemporels.fr\/wp-content\/uploads\/2026\/08\/marche-chalon-sur-saone.jpeg\" class=\"attachment-large size-large wp-image-3214\" alt=\"\" srcset=\"https:\/\/gitelesintemporels.fr\/wp-content\/uploads\/2026\/08\/marche-chalon-sur-saone.jpeg 678w, https:\/\/gitelesintemporels.fr\/wp-content\/uploads\/2026\/08\/marche-chalon-sur-saone-300x200.jpeg 300w, https:\/\/gitelesintemporels.fr\/wp-content\/uploads\/2026\/08\/marche-chalon-sur-saone-18x12.jpeg 18w\" sizes=\"(max-width: 678px) 100vw, 678px\" \/>\t\t\t\t\t\t\t\t\t\t\t\t\t\t\t<\/div>\n\t\t\t\t<div class=\"elementor-element elementor-element-cc0b61a elementor-widget elementor-widget-heading\" data-id=\"cc0b61a\" data-element_type=\"widget\" data-e-type=\"widget\" data-widget_type=\"heading.default\">\n\t\t\t\t\t<h3 class=\"elementor-heading-title elementor-size-default\">Le march\u00e9 de Chalon-sur-Sa\u00f4ne<\/h3>\t\t\t\t<\/div>\n\t\t\t\t<div class=\"elementor-element elementor-element-b9aa65e elementor-widget elementor-widget-text-editor\" data-id=\"b9aa65e\" data-element_type=\"widget\" data-e-type=\"widget\" data-widget_type=\"text-editor.default\">\n\t\t\t\t\t\t\t\t\t<p data-start=\"1040\" data-end=\"1274\">Le vendredi matin<\/p><p data-start=\"1040\" data-end=\"1274\">Une v\u00e9ritable institution chalonnaise install\u00e9e sur la charmante place Saint-Vincent. Id\u00e9al pour d\u00e9couvrir les produits frais et profiter du centre historique.<\/p><p data-start=\"1040\" data-end=\"1274\">\u00c0 30 minutes<\/p>\t\t\t\t\t\t\t\t<\/div>\n\t\t\t\t<div class=\"elementor-element elementor-element-b7cc1b3 elementor-widget elementor-widget-button\" data-id=\"b7cc1b3\" data-element_type=\"widget\" data-e-type=\"widget\" data-widget_type=\"button.default\">\n\t\t\t\t\t\t\t\t\t\t<a class=\"elementor-button elementor-button-link elementor-size-sm\" href=\"https:\/\/www.achalon.com\/offres\/marche-alimentaire-chalon-sur-saone-fr-4832847\/\" target=\"_blank\">\n\t\t\t\t\t\t<span class=\"elementor-button-content-wrapper\">\n\t\t\t\t\t\t\t\t\t<span class=\"elementor-button-text\">D\u00e9couvrir<\/span>\n\t\t\t\t\t<\/span>\n\t\t\t\t\t<\/a>\n\t\t\t\t\t\t\t\t<\/div>\n\t\t\t\t<\/div>\n\t\t<div class=\"elementor-element elementor-element-ea6e1f1 e-con-full e-flex e-con e-child\" data-id=\"ea6e1f1\" data-element_type=\"container\" data-e-type=\"container\" data-settings=\"{&quot;background_background&quot;:&quot;classic&quot;}\">\n\t\t\t\t<div class=\"elementor-element elementor-element-5d5ecb7 elementor-widget elementor-widget-image\" data-id=\"5d5ecb7\" data-element_type=\"widget\" data-e-type=\"widget\" data-widget_type=\"image.default\">\n\t\t\t\t\t\t\t\t\t\t\t\t\t\t\t<img loading=\"lazy\" decoding=\"async\" width=\"1537\" height=\"1023\" src=\"https:\/\/gitelesintemporels.fr\/wp-content\/uploads\/2026\/08\/marche-tournus.jpeg\" class=\"attachment-2048x2048 size-2048x2048 wp-image-3218\" alt=\"\" srcset=\"https:\/\/gitelesintemporels.fr\/wp-content\/uploads\/2026\/08\/marche-tournus.jpeg 1537w, https:\/\/gitelesintemporels.fr\/wp-content\/uploads\/2026\/08\/marche-tournus-300x200.jpeg 300w, https:\/\/gitelesintemporels.fr\/wp-content\/uploads\/2026\/08\/marche-tournus-1024x682.jpeg 1024w, https:\/\/gitelesintemporels.fr\/wp-content\/uploads\/2026\/08\/marche-tournus-768x511.jpeg 768w, https:\/\/gitelesintemporels.fr\/wp-content\/uploads\/2026\/08\/marche-tournus-18x12.jpeg 18w\" sizes=\"(max-width: 1537px) 100vw, 1537px\" \/>\t\t\t\t\t\t\t\t\t\t\t\t\t\t\t<\/div>\n\t\t\t\t<div class=\"elementor-element elementor-element-a7f279f elementor-widget elementor-widget-heading\" data-id=\"a7f279f\" data-element_type=\"widget\" data-e-type=\"widget\" data-widget_type=\"heading.default\">\n\t\t\t\t\t<h3 class=\"elementor-heading-title elementor-size-default\">Le march\u00e9 de Tournus<\/h3>\t\t\t\t<\/div>\n\t\t\t\t<div class=\"elementor-element elementor-element-fe8e7e1 elementor-widget elementor-widget-text-editor\" data-id=\"fe8e7e1\" data-element_type=\"widget\" data-e-type=\"widget\" data-widget_type=\"text-editor.default\">\n\t\t\t\t\t\t\t\t\t<p data-start=\"721\" data-end=\"851\">Le samedi matin<\/p><p data-start=\"721\" data-end=\"851\">L\u2019un des march\u00e9s les plus r\u00e9put\u00e9s de la r\u00e9gion, r\u00e9unissant de nombreux producteurs locaux et biologiques : fruits, l\u00e9gumes, fromages, charcuteries, volailles et sp\u00e9cialit\u00e9s bourguignonnes.<\/p><p data-start=\"721\" data-end=\"851\">\u00c0 10 minutes<\/p>\t\t\t\t\t\t\t\t<\/div>\n\t\t\t\t<div class=\"elementor-element elementor-element-6143c3f elementor-widget elementor-widget-button\" data-id=\"6143c3f\" data-element_type=\"widget\" data-e-type=\"widget\" data-widget_type=\"button.default\">\n\t\t\t\t\t\t\t\t\t\t<a class=\"elementor-button elementor-button-link elementor-size-sm\" href=\"https:\/\/www.tournus-tourisme.com\/fetes-manifestations\/marche-hebdomadaire\/\" target=\"_blank\">\n\t\t\t\t\t\t<span class=\"elementor-button-content-wrapper\">\n\t\t\t\t\t\t\t\t\t<span class=\"elementor-button-text\">D\u00e9couvrir<\/span>\n\t\t\t\t\t<\/span>\n\t\t\t\t\t<\/a>\n\t\t\t\t\t\t\t\t<\/div>\n\t\t\t\t<\/div>\n\t\t\t\t\t<\/div>\n\t\t\t\t<\/div>\n\t\t<div class=\"elementor-element elementor-element-dc158a7 e-flex e-con-boxed e-con e-parent\" data-id=\"dc158a7\" data-element_type=\"container\" data-e-type=\"container\">\n\t\t\t\t\t<div class=\"e-con-inner\">\n\t\t\t\t<div class=\"elementor-element elementor-element-fe0bef9 elementor-widget elementor-widget-heading\" data-id=\"fe0bef9\" data-element_type=\"widget\" data-e-type=\"widget\" data-widget_type=\"heading.default\">\n\t\t\t\t\t<h2 class=\"elementor-heading-title elementor-size-default\">Nos coups de c\u0153ur au march\u00e9 de Tournus\n\n<\/h2>\t\t\t\t<\/div>\n\t\t\t\t<div class=\"elementor-element elementor-element-de39475 elementor-widget elementor-widget-heading\" data-id=\"de39475\" data-element_type=\"widget\" data-e-type=\"widget\" data-widget_type=\"heading.default\">\n\t\t\t\t\t<h3 class=\"elementor-heading-title elementor-size-default\">Parce que nous connaissons bien ce march\u00e9, voici les producteurs et les sp\u00e9cialit\u00e9s que nous vous recommandons particuli\u00e8rement.<\/h3>\t\t\t\t<\/div>\n\t\t\t\t<div class=\"elementor-element elementor-element-8d1609e elementor-widget elementor-widget-text-editor\" data-id=\"8d1609e\" data-element_type=\"widget\" data-e-type=\"widget\" data-widget_type=\"text-editor.default\">\n\t\t\t\t\t\t\t\t\t<p><span style=\"color: #dab000; font-weight: bold; margin-right: 8px;\">\u2713<\/span><strong>L\u00e9gumes :<\/strong> les l\u00e9gumes bio de la Ferme des Levrats \u00e0 Simandre et ceux de Bernard Galopin \u00e0 Ormes.<\/p><p><span style=\"color: #dab000; font-weight: bold; margin-right: 8px;\">\u2713<\/span><strong>\u0152ufs :<\/strong> les \u0153ufs bio de La Poule Verte \u00e0 Tournus.<\/p><p><span style=\"color: #dab000; font-weight: bold; margin-right: 8px;\">\u2713<\/span><strong>Volailles :<\/strong> les volailles fermi\u00e8res bio de la Ferme des Palisses \u00e0 La Chapelle-Th\u00e8cle.<\/p><p><span style=\"color: #dab000; font-weight: bold; margin-right: 8px;\">\u2713<\/span><strong>Fromages et produits laitiers :<\/strong> les fromages du petit stand de Gr\u00e9goire, ainsi que la cr\u00e8me et les yaourts de la Ferme de Blanot.<\/p><p><span style=\"color: #dab000; font-weight: bold; margin-right: 8px;\">\u2713<\/span><strong>Viandes et charcuteries :<\/strong> la Ferme Josserand \u00e0 Mantenay-Montlin.<\/p><p><span style=\"color: #dab000; font-weight: bold; margin-right: 8px;\">\u2713<\/span><strong>Fruits et jus :<\/strong> le Verger de la Paneti\u00e8re \u00e0 Uchizy.<\/p><p><span style=\"color: #dab000; font-weight: bold; margin-right: 8px;\">\u2713<\/span><strong>Miel :<\/strong> les miels bio, la propolis et les bougies en cire d\u2019abeille de Julien Scarpitta, apiculteur \u00e0 Cruzille.<\/p><p><span style=\"color: #dab000; font-weight: bold; margin-right: 8px;\">\u2713<\/span><strong> P\u00e2tisseries :<\/strong> les macarons artisanaux et p\u00e2tisseries de Macarons BY ARNO, ainsi que les cr\u00e9ations gourmandes de K\u2019s Bakery.<\/p><p><span style=\"color: #dab000; font-weight: bold; margin-right: 8px;\">\u2713<\/span><strong>Fleurs et tisanes :<\/strong> les fleurs et tisanes bio de Madame Printemps \u00e0 Simandre, propos\u00e9es selon les saisons.<\/p>\t\t\t\t\t\t\t\t<\/div>\n\t\t\t\t\t<\/div>\n\t\t\t\t<\/div>\n\t\t<div class=\"elementor-element elementor-element-43b59d8 e-flex e-con-boxed e-con e-parent\" data-id=\"43b59d8\" data-element_type=\"container\" data-e-type=\"container\">\n\t\t\t\t\t<div class=\"e-con-inner\">\n\t\t\t\t<div class=\"elementor-element elementor-element-50583f1 elementor-widget elementor-widget-heading\" data-id=\"50583f1\" data-element_type=\"widget\" data-e-type=\"widget\" data-widget_type=\"heading.default\">\n\t\t\t\t\t<h2 class=\"elementor-heading-title elementor-size-default\">Se promener avec son chien\n\n<\/h2>\t\t\t\t<\/div>\n\t\t\t\t<div class=\"elementor-element elementor-element-ccf04f5 elementor-widget elementor-widget-heading\" data-id=\"ccf04f5\" data-element_type=\"widget\" data-e-type=\"widget\" data-widget_type=\"heading.default\">\n\t\t\t\t\t<h3 class=\"elementor-heading-title elementor-size-default\">Depuis les g\u00eetes, rejoignez facilement plusieurs chemins de campagne pour profiter d\u2019une agr\u00e9able promenade avec votre compagnon.\n<\/h3>\t\t\t\t<\/div>\n\t\t\t\t\t<\/div>\n\t\t\t\t<\/div>\n\t\t<div class=\"elementor-element elementor-element-94efe2d e-flex e-con-boxed e-con e-parent\" data-id=\"94efe2d\" data-element_type=\"container\" data-e-type=\"container\" data-settings=\"{&quot;background_background&quot;:&quot;classic&quot;}\">\n\t\t\t\t\t<div class=\"e-con-inner\">\n\t\t<div class=\"elementor-element elementor-element-7e78f1f e-con-full e-flex e-con e-child\" data-id=\"7e78f1f\" data-element_type=\"container\" data-e-type=\"container\" data-settings=\"{&quot;background_background&quot;:&quot;classic&quot;}\">\n\t\t\t\t<div class=\"elementor-element elementor-element-74c609d elementor-widget elementor-widget-image\" data-id=\"74c609d\" data-element_type=\"widget\" data-e-type=\"widget\" data-widget_type=\"image.default\">\n\t\t\t\t\t\t\t\t\t\t\t\t\t\t\t<img loading=\"lazy\" decoding=\"async\" width=\"1024\" height=\"565\" src=\"https:\/\/gitelesintemporels.fr\/wp-content\/uploads\/2026\/08\/gite-les-intemporels-fontaine-couverte-1024x565.png\" class=\"attachment-large size-large wp-image-3230\" alt=\"\" srcset=\"https:\/\/gitelesintemporels.fr\/wp-content\/uploads\/2026\/08\/gite-les-intemporels-fontaine-couverte-1024x565.png 1024w, https:\/\/gitelesintemporels.fr\/wp-content\/uploads\/2026\/08\/gite-les-intemporels-fontaine-couverte-300x166.png 300w, https:\/\/gitelesintemporels.fr\/wp-content\/uploads\/2026\/08\/gite-les-intemporels-fontaine-couverte-768x424.png 768w, https:\/\/gitelesintemporels.fr\/wp-content\/uploads\/2026\/08\/gite-les-intemporels-fontaine-couverte-18x10.png 18w, https:\/\/gitelesintemporels.fr\/wp-content\/uploads\/2026\/08\/gite-les-intemporels-fontaine-couverte.png 1036w\" sizes=\"(max-width: 1024px) 100vw, 1024px\" \/>\t\t\t\t\t\t\t\t\t\t\t\t\t\t\t<\/div>\n\t\t\t\t<div class=\"elementor-element elementor-element-f18f079 elementor-widget elementor-widget-heading\" data-id=\"f18f079\" data-element_type=\"widget\" data-e-type=\"widget\" data-widget_type=\"heading.default\">\n\t\t\t\t\t<h3 class=\"elementor-heading-title elementor-size-default\">Fontaine Couverte<\/h3>\t\t\t\t<\/div>\n\t\t\t\t<div class=\"elementor-element elementor-element-86328e0 elementor-widget elementor-widget-text-editor\" data-id=\"86328e0\" data-element_type=\"widget\" data-e-type=\"widget\" data-widget_type=\"text-editor.default\">\n\t\t\t\t\t\t\t\t\t<p class=\"isSelectedEnd\">Un chemin paisible au c\u0153ur de la campagne cuiserotaine, id\u00e9al pour une promenade au calme avec votre chien.<\/p><p>Accessible \u00e0 pied depuis les g\u00eetes<\/p>\t\t\t\t\t\t\t\t<\/div>\n\t\t\t\t<div class=\"elementor-element elementor-element-96153ef elementor-widget elementor-widget-button\" data-id=\"96153ef\" data-element_type=\"widget\" data-e-type=\"widget\" data-widget_type=\"button.default\">\n\t\t\t\t\t\t\t\t\t\t<a class=\"elementor-button elementor-button-link elementor-size-sm\" href=\"https:\/\/www.google.com\/maps\/search\/?api=1&#038;query=46.553011%2C4.991373\" target=\"_blank\">\n\t\t\t\t\t\t<span class=\"elementor-button-content-wrapper\">\n\t\t\t\t\t\t\t\t\t<span class=\"elementor-button-text\">Voir le d\u00e9part<\/span>\n\t\t\t\t\t<\/span>\n\t\t\t\t\t<\/a>\n\t\t\t\t\t\t\t\t<\/div>\n\t\t\t\t<\/div>\n\t\t<div class=\"elementor-element elementor-element-0c917b8 e-con-full e-flex e-con e-child\" data-id=\"0c917b8\" data-element_type=\"container\" data-e-type=\"container\" data-settings=\"{&quot;background_background&quot;:&quot;classic&quot;}\">\n\t\t\t\t<div class=\"elementor-element elementor-element-f4f9bcb elementor-widget elementor-widget-image\" data-id=\"f4f9bcb\" data-element_type=\"widget\" data-e-type=\"widget\" data-widget_type=\"image.default\">\n\t\t\t\t\t\t\t\t\t\t\t\t\t\t\t<img loading=\"lazy\" decoding=\"async\" width=\"1024\" height=\"608\" src=\"https:\/\/gitelesintemporels.fr\/wp-content\/uploads\/2026\/08\/gite-les-intemporels-chemin-du-meix-1024x608.png\" class=\"attachment-large size-large wp-image-3231\" alt=\"\" srcset=\"https:\/\/gitelesintemporels.fr\/wp-content\/uploads\/2026\/08\/gite-les-intemporels-chemin-du-meix-1024x608.png 1024w, https:\/\/gitelesintemporels.fr\/wp-content\/uploads\/2026\/08\/gite-les-intemporels-chemin-du-meix-300x178.png 300w, https:\/\/gitelesintemporels.fr\/wp-content\/uploads\/2026\/08\/gite-les-intemporels-chemin-du-meix-768x456.png 768w, https:\/\/gitelesintemporels.fr\/wp-content\/uploads\/2026\/08\/gite-les-intemporels-chemin-du-meix-18x12.png 18w, https:\/\/gitelesintemporels.fr\/wp-content\/uploads\/2026\/08\/gite-les-intemporels-chemin-du-meix.png 1040w\" sizes=\"(max-width: 1024px) 100vw, 1024px\" \/>\t\t\t\t\t\t\t\t\t\t\t\t\t\t\t<\/div>\n\t\t\t\t<div class=\"elementor-element elementor-element-27ff30e elementor-widget elementor-widget-heading\" data-id=\"27ff30e\" data-element_type=\"widget\" data-e-type=\"widget\" data-widget_type=\"heading.default\">\n\t\t\t\t\t<h3 class=\"elementor-heading-title elementor-size-default\">Le chemin du Meix<\/h3>\t\t\t\t<\/div>\n\t\t\t\t<div class=\"elementor-element elementor-element-93f4569 elementor-widget elementor-widget-text-editor\" data-id=\"93f4569\" data-element_type=\"widget\" data-e-type=\"widget\" data-widget_type=\"text-editor.default\">\n\t\t\t\t\t\t\t\t\t<p class=\"isSelectedEnd\">Au d\u00e9part du hameau de Montrevost, profitez d\u2019un agr\u00e9able chemin rural entour\u00e9 de nature.<\/p><p>Accessible \u00e0 pied depuis les g\u00eetes<\/p>\t\t\t\t\t\t\t\t<\/div>\n\t\t\t\t<div class=\"elementor-element elementor-element-ef9ac93 elementor-widget elementor-widget-button\" data-id=\"ef9ac93\" data-element_type=\"widget\" data-e-type=\"widget\" data-widget_type=\"button.default\">\n\t\t\t\t\t\t\t\t\t\t<a class=\"elementor-button elementor-button-link elementor-size-sm\" href=\"https:\/\/www.google.com\/maps\/search\/?api=1&#038;query=46.553418%2C5.002654\" target=\"_blank\">\n\t\t\t\t\t\t<span class=\"elementor-button-content-wrapper\">\n\t\t\t\t\t\t\t\t\t<span class=\"elementor-button-text\">Voir le d\u00e9part<\/span>\n\t\t\t\t\t<\/span>\n\t\t\t\t\t<\/a>\n\t\t\t\t\t\t\t\t<\/div>\n\t\t\t\t<\/div>\n\t\t<div class=\"elementor-element elementor-element-b33a54a e-con-full e-flex e-con e-child\" data-id=\"b33a54a\" data-element_type=\"container\" data-e-type=\"container\" data-settings=\"{&quot;background_background&quot;:&quot;classic&quot;}\">\n\t\t\t\t<div class=\"elementor-element elementor-element-5f50e2c elementor-widget elementor-widget-image\" data-id=\"5f50e2c\" data-element_type=\"widget\" data-e-type=\"widget\" data-widget_type=\"image.default\">\n\t\t\t\t\t\t\t\t\t\t\t\t\t\t\t<img loading=\"lazy\" decoding=\"async\" width=\"1024\" height=\"568\" src=\"https:\/\/gitelesintemporels.fr\/wp-content\/uploads\/2026\/08\/gite-les-intemporels-chemin-des-rottes-1-1024x568.png\" class=\"attachment-large size-large wp-image-3233\" alt=\"\" srcset=\"https:\/\/gitelesintemporels.fr\/wp-content\/uploads\/2026\/08\/gite-les-intemporels-chemin-des-rottes-1-1024x568.png 1024w, https:\/\/gitelesintemporels.fr\/wp-content\/uploads\/2026\/08\/gite-les-intemporels-chemin-des-rottes-1-300x166.png 300w, https:\/\/gitelesintemporels.fr\/wp-content\/uploads\/2026\/08\/gite-les-intemporels-chemin-des-rottes-1-768x426.png 768w, https:\/\/gitelesintemporels.fr\/wp-content\/uploads\/2026\/08\/gite-les-intemporels-chemin-des-rottes-1-18x10.png 18w, https:\/\/gitelesintemporels.fr\/wp-content\/uploads\/2026\/08\/gite-les-intemporels-chemin-des-rottes-1.png 1080w\" sizes=\"(max-width: 1024px) 100vw, 1024px\" \/>\t\t\t\t\t\t\t\t\t\t\t\t\t\t\t<\/div>\n\t\t\t\t<div class=\"elementor-element elementor-element-15dd4d9 elementor-widget elementor-widget-heading\" data-id=\"15dd4d9\" data-element_type=\"widget\" data-e-type=\"widget\" data-widget_type=\"heading.default\">\n\t\t\t\t\t<h3 class=\"elementor-heading-title elementor-size-default\">Le chemin des Rottes<\/h3>\t\t\t\t<\/div>\n\t\t\t\t<div class=\"elementor-element elementor-element-a7becae elementor-widget elementor-widget-text-editor\" data-id=\"a7becae\" data-element_type=\"widget\" data-e-type=\"widget\" data-widget_type=\"text-editor.default\">\n\t\t\t\t\t\t\t\t\t<p class=\"isSelectedEnd\">Une promenade tranquille \u00e0 travers les paysages de campagne autour de Montrevost.<\/p><p>Accessible \u00e0 pied depuis les g\u00eetes<\/p>\t\t\t\t\t\t\t\t<\/div>\n\t\t\t\t<div class=\"elementor-element elementor-element-c81712f elementor-widget elementor-widget-button\" data-id=\"c81712f\" data-element_type=\"widget\" data-e-type=\"widget\" data-widget_type=\"button.default\">\n\t\t\t\t\t\t\t\t\t\t<a class=\"elementor-button elementor-button-link elementor-size-sm\" href=\"https:\/\/www.google.com\/maps\/search\/?api=1&#038;query=46.549199%2C4.994550\" target=\"_blank\">\n\t\t\t\t\t\t<span class=\"elementor-button-content-wrapper\">\n\t\t\t\t\t\t\t\t\t<span class=\"elementor-button-text\">Voir le d\u00e9part<\/span>\n\t\t\t\t\t<\/span>\n\t\t\t\t\t<\/a>\n\t\t\t\t\t\t\t\t<\/div>\n\t\t\t\t<\/div>\n\t\t<div class=\"elementor-element elementor-element-b91c53b e-con-full e-flex e-con e-child\" data-id=\"b91c53b\" data-element_type=\"container\" data-e-type=\"container\" data-settings=\"{&quot;background_background&quot;:&quot;classic&quot;}\">\n\t\t\t\t<div class=\"elementor-element elementor-element-a4d736f elementor-widget elementor-widget-image\" data-id=\"a4d736f\" data-element_type=\"widget\" data-e-type=\"widget\" data-widget_type=\"image.default\">\n\t\t\t\t\t\t\t\t\t\t\t\t\t\t\t<img loading=\"lazy\" decoding=\"async\" width=\"1014\" height=\"675\" src=\"https:\/\/gitelesintemporels.fr\/wp-content\/uploads\/2026\/08\/gite-les-intemporels-croix-bouilloud.png\" class=\"attachment-2048x2048 size-2048x2048 wp-image-3234\" alt=\"\" srcset=\"https:\/\/gitelesintemporels.fr\/wp-content\/uploads\/2026\/08\/gite-les-intemporels-croix-bouilloud.png 1014w, https:\/\/gitelesintemporels.fr\/wp-content\/uploads\/2026\/08\/gite-les-intemporels-croix-bouilloud-300x200.png 300w, https:\/\/gitelesintemporels.fr\/wp-content\/uploads\/2026\/08\/gite-les-intemporels-croix-bouilloud-768x511.png 768w, https:\/\/gitelesintemporels.fr\/wp-content\/uploads\/2026\/08\/gite-les-intemporels-croix-bouilloud-18x12.png 18w\" sizes=\"(max-width: 1014px) 100vw, 1014px\" \/>\t\t\t\t\t\t\t\t\t\t\t\t\t\t\t<\/div>\n\t\t\t\t<div class=\"elementor-element elementor-element-23ddc78 elementor-widget elementor-widget-heading\" data-id=\"23ddc78\" data-element_type=\"widget\" data-e-type=\"widget\" data-widget_type=\"heading.default\">\n\t\t\t\t\t<h3 class=\"elementor-heading-title elementor-size-default\">La Croix Bouilloud<\/h3>\t\t\t\t<\/div>\n\t\t\t\t<div class=\"elementor-element elementor-element-fb374cd elementor-widget elementor-widget-text-editor\" data-id=\"fb374cd\" data-element_type=\"widget\" data-e-type=\"widget\" data-widget_type=\"text-editor.default\">\n\t\t\t\t\t\t\t\t\t<p class=\"isSelectedEnd\">Un chemin agr\u00e9able pour prendre l\u2019air et d\u00e9couvrir les paysages naturels aux alentours de Cuisery.<\/p><p>Accessible \u00e0 pied depuis les g\u00eetes<\/p>\t\t\t\t\t\t\t\t<\/div>\n\t\t\t\t<div class=\"elementor-element elementor-element-0d10f33 elementor-widget elementor-widget-button\" data-id=\"0d10f33\" data-element_type=\"widget\" data-e-type=\"widget\" data-widget_type=\"button.default\">\n\t\t\t\t\t\t\t\t\t\t<a class=\"elementor-button elementor-button-link elementor-size-sm\" href=\"https:\/\/www.google.com\/maps\/search\/?api=1&#038;query=46.564356%2C4.989563\" target=\"_blank\">\n\t\t\t\t\t\t<span class=\"elementor-button-content-wrapper\">\n\t\t\t\t\t\t\t\t\t<span class=\"elementor-button-text\">Voir le d\u00e9part<\/span>\n\t\t\t\t\t<\/span>\n\t\t\t\t\t<\/a>\n\t\t\t\t\t\t\t\t<\/div>\n\t\t\t\t<\/div>\n\t\t\t\t\t<\/div>\n\t\t\t\t<\/div>\n\t\t<div class=\"elementor-element elementor-element-581a378 e-flex e-con-boxed e-con e-parent\" data-id=\"581a378\" data-element_type=\"container\" data-e-type=\"container\">\n\t\t\t\t\t<div class=\"e-con-inner\">\n\t\t\t\t<div class=\"elementor-element elementor-element-a928e44 elementor-widget elementor-widget-heading\" data-id=\"a928e44\" data-element_type=\"widget\" data-e-type=\"widget\" data-widget_type=\"heading.default\">\n\t\t\t\t\t<h2 class=\"elementor-heading-title elementor-size-default\">Informations pratiques\n\n<\/h2>\t\t\t\t<\/div>\n\t\t\t\t<div class=\"elementor-element elementor-element-1baf38a elementor-widget elementor-widget-heading\" data-id=\"1baf38a\" data-element_type=\"widget\" data-e-type=\"widget\" data-widget_type=\"heading.default\">\n\t\t\t\t\t<h3 class=\"elementor-heading-title elementor-size-default\">Ces quatre d\u00e9parts sont accessibles directement \u00e0 pied depuis les g\u00eetes et ne disposent pas de stationnement. Pour une promenade au bord de la Seille, vous pouvez rejoindre en voiture le camping et la halte nautique de Cuisery, o\u00f9 il est possible de stationner, puis vous promener le long de la rivi\u00e8re.\n\nMerci de tenir votre chien en laisse \u00e0 proximit\u00e9 des habitations, des troupeaux et dans les espaces naturels prot\u00e9g\u00e9s. Les d\u00e9jections canines doivent imp\u00e9rativement \u00eatre ramass\u00e9es afin de pr\u00e9server la propret\u00e9 des chemins et le respect des riverains.\n<\/h3>\t\t\t\t<\/div>\n\t\t\t\t\t<\/div>\n\t\t\t\t<\/div>\n\t\t<div class=\"elementor-element elementor-element-f214c71 e-flex e-con-boxed e-con e-parent\" data-id=\"f214c71\" data-element_type=\"container\" data-e-type=\"container\" data-settings=\"{&quot;background_background&quot;:&quot;classic&quot;}\">\n\t\t\t\t\t<div class=\"e-con-inner\">\n\t\t\t\t<div class=\"elementor-element elementor-element-ffb0329 elementor-widget elementor-widget-heading\" data-id=\"ffb0329\" data-element_type=\"widget\" data-e-type=\"widget\" data-widget_type=\"heading.default\">\n\t\t\t\t\t<h2 class=\"elementor-heading-title elementor-size-default\">Explorez la Bourgogne du Sud avec Route71<\/h2>\t\t\t\t<\/div>\n\t\t\t\t<div class=\"elementor-element elementor-element-beb598c elementor-widget elementor-widget-text-editor\" data-id=\"beb598c\" data-element_type=\"widget\" data-e-type=\"widget\" data-widget_type=\"text-editor.default\">\n\t\t\t\t\t\t\t\t\t<p data-start=\"1331\" data-end=\"1462\">Scannez ce QR code pour d\u00e9couvrir encore plus de lieux \u00e0 visiter autour de vous : sites touristiques, balades, activit\u00e9s, restaurants, caves, producteurs locaux et \u00e9v\u00e9nements. Gr\u00e2ce \u00e0 la g\u00e9olocalisation, l\u2019application gratuite Route71 vous accompagne dans toute la Sa\u00f4ne-et-Loire.<\/p>\t\t\t\t\t\t\t\t<\/div>\n\t\t\t\t\t<\/div>\n\t\t\t\t<\/div>\n\t\t<div class=\"elementor-element elementor-element-1e1fde4 e-flex e-con-boxed e-con e-parent\" data-id=\"1e1fde4\" data-element_type=\"container\" data-e-type=\"container\" data-settings=\"{&quot;background_background&quot;:&quot;classic&quot;}\">\n\t\t\t\t\t<div class=\"e-con-inner\">\n\t\t<div class=\"elementor-element elementor-element-2ea4ce2 e-con-full e-flex e-con e-child\" data-id=\"2ea4ce2\" data-element_type=\"container\" data-e-type=\"container\">\n\t\t\t\t<div class=\"elementor-element elementor-element-d402af0 elementor-widget elementor-widget-image\" data-id=\"d402af0\" data-element_type=\"widget\" data-e-type=\"widget\" data-widget_type=\"image.default\">\n\t\t\t\t\t\t\t\t\t\t\t\t\t\t\t<img loading=\"lazy\" decoding=\"async\" width=\"150\" height=\"150\" src=\"https:\/\/gitelesintemporels.fr\/wp-content\/uploads\/2026\/08\/gite-les-intemporels-route71-150x150.png\" class=\"attachment-thumbnail size-thumbnail wp-image-3240\" alt=\"\" srcset=\"https:\/\/gitelesintemporels.fr\/wp-content\/uploads\/2026\/08\/gite-les-intemporels-route71-150x150.png 150w, https:\/\/gitelesintemporels.fr\/wp-content\/uploads\/2026\/08\/gite-les-intemporels-route71-300x300.png 300w, https:\/\/gitelesintemporels.fr\/wp-content\/uploads\/2026\/08\/gite-les-intemporels-route71-1024x1024.png 1024w, https:\/\/gitelesintemporels.fr\/wp-content\/uploads\/2026\/08\/gite-les-intemporels-route71-768x768.png 768w, https:\/\/gitelesintemporels.fr\/wp-content\/uploads\/2026\/08\/gite-les-intemporels-route71-12x12.png 12w, https:\/\/gitelesintemporels.fr\/wp-content\/uploads\/2026\/08\/gite-les-intemporels-route71.png 1254w\" sizes=\"(max-width: 150px) 100vw, 150px\" \/>\t\t\t\t\t\t\t\t\t\t\t\t\t\t\t<\/div>\n\t\t\t\t<div class=\"elementor-element elementor-element-52ed6a4 elementor-widget elementor-widget-text-editor\" data-id=\"52ed6a4\" data-element_type=\"widget\" data-e-type=\"widget\" data-widget_type=\"text-editor.default\">\n\t\t\t\t\t\t\t\t\t<p>Scannez pour d\u00e9couvrir les tr\u00e9sors de la Sa\u00f4ne-et-Loire<\/p>\t\t\t\t\t\t\t\t<\/div>\n\t\t\t\t<\/div>\n\t\t\t\t\t<\/div>\n\t\t\t\t<\/div>\n\t\t<div class=\"elementor-element elementor-element-71dc507 e-flex e-con-boxed e-con e-parent\" data-id=\"71dc507\" data-element_type=\"container\" data-e-type=\"container\" data-settings=\"{&quot;background_background&quot;:&quot;classic&quot;}\">\n\t\t\t\t\t<div class=\"e-con-inner\">\n\t\t\t\t<div class=\"elementor-element elementor-element-6c25eb5 elementor-widget elementor-widget-heading\" data-id=\"6c25eb5\" data-element_type=\"widget\" data-e-type=\"widget\" data-widget_type=\"heading.default\">\n\t\t\t\t\t<h2 class=\"elementor-heading-title elementor-size-default\">Envie de s\u00e9journer aux Intemporels ?<\/h2>\t\t\t\t<\/div>\n\t\t\t\t<div class=\"elementor-element elementor-element-a6b0513 elementor-widget elementor-widget-text-editor\" data-id=\"a6b0513\" data-element_type=\"widget\" data-e-type=\"widget\" data-widget_type=\"text-editor.default\">\n\t\t\t\t\t\t\t\t\t<p data-start=\"1331\" data-end=\"1462\">D\u00e9couvrez nos studios de charme \u00e0 Cuisery et profitez d\u2019un s\u00e9jour confortable et paisible au c\u0153ur de la Bourgogne du Sud.<\/p>\t\t\t\t\t\t\t\t<\/div>\n\t\t\t\t<div class=\"elementor-element elementor-element-e5c8efd elementor-widget elementor-widget-button\" data-id=\"e5c8efd\" data-element_type=\"widget\" data-e-type=\"widget\" data-widget_type=\"button.default\">\n\t\t\t\t\t\t\t\t\t\t<a class=\"elementor-button elementor-button-link elementor-size-sm\" href=\"https:\/\/secure.reservit.com\/engine\/booking\/2\/475641\/dates?langcode=FR\">\n\t\t\t\t\t\t<span class=\"elementor-button-content-wrapper\">\n\t\t\t\t\t\t\t\t\t<span class=\"elementor-button-text\">V\u00e9rifier les disponibilit\u00e9s<\/span>\n\t\t\t\t\t<\/span>\n\t\t\t\t\t<\/a>\n\t\t\t\t\t\t\t\t<\/div>\n\t\t\t\t<div class=\"elementor-element elementor-element-22273e8 elementor-widget elementor-widget-text-editor\" data-id=\"22273e8\" data-element_type=\"widget\" data-e-type=\"widget\" data-widget_type=\"text-editor.default\">\n\t\t\t\t\t\t\t\t\t<p data-start=\"1331\" data-end=\"1462\"><strong>Meilleur tarif garanti en direct<\/strong><\/p>\t\t\t\t\t\t\t\t<\/div>\n\t\t\t\t\t<\/div>\n\t\t\t\t<\/div>\n\t\t<div class=\"elementor-element elementor-element-3f23582 e-flex e-con-boxed e-con e-parent\" data-id=\"3f23582\" data-element_type=\"container\" data-e-type=\"container\" data-settings=\"{&quot;background_background&quot;:&quot;classic&quot;}\">\n\t\t\t\t\t<div class=\"e-con-inner\">\n\t\t<div class=\"elementor-element elementor-element-0a91f86 e-con-full e-flex e-con e-child\" data-id=\"0a91f86\" data-element_type=\"container\" data-e-type=\"container\">\n\t\t\t\t<div class=\"elementor-element elementor-element-a8ca244 elementor-widget elementor-widget-text-editor\" data-id=\"a8ca244\" data-element_type=\"widget\" data-e-type=\"widget\" data-widget_type=\"text-editor.default\">\n\t\t\t\t\t\t\t\t\t<p>G\u00eete Les Intemporels <br \/>Cuisery \u2013 Bourgogne<\/p><p>Studios de charme avec piscine<\/p>\t\t\t\t\t\t\t\t<\/div>\n\t\t\t\t<\/div>\n\t\t<div class=\"elementor-element elementor-element-80d4c1c e-con-full e-flex e-con e-child\" data-id=\"80d4c1c\" data-element_type=\"container\" data-e-type=\"container\">\n\t\t\t\t<div class=\"elementor-element elementor-element-f020d9d elementor-widget elementor-widget-text-editor\" data-id=\"f020d9d\" data-element_type=\"widget\" data-e-type=\"widget\" data-widget_type=\"text-editor.default\">\n\t\t\t\t\t\t\t\t\t<p>Contact<\/p><p>06 16 36 07 08 <br \/>gitelesintemporels@gmail.com<\/p>\t\t\t\t\t\t\t\t<\/div>\n\t\t\t\t<\/div>\n\t\t<div class=\"elementor-element elementor-element-1eaf7a5 e-con-full e-flex e-con e-child\" data-id=\"1eaf7a5\" data-element_type=\"container\" data-e-type=\"container\">\n\t\t\t\t<div class=\"elementor-element elementor-element-2875460 elementor-widget elementor-widget-text-editor\" data-id=\"2875460\" data-element_type=\"widget\" data-e-type=\"widget\" data-widget_type=\"text-editor.default\">\n\t\t\t\t\t\t\t\t\t<p>Informations<\/p><p><a href=\"https:\/\/www.test.tala0626.odns.fr\/mentions-legales\/\">Mentions l\u00e9gales<\/a> <br \/><a href=\"https:\/\/www.test.tala0626.odns.fr\/politique-de-confidentialite\/\">Politique de confidentialit\u00e9<\/a><\/p>\t\t\t\t\t\t\t\t<\/div>\n\t\t\t\t<\/div>\n\t\t\t\t\t<\/div>\n\t\t\t\t<\/div>\n\t\t<div class=\"elementor-element elementor-element-2c4679c e-flex e-con-boxed e-con e-parent\" data-id=\"2c4679c\" data-element_type=\"container\" data-e-type=\"container\">\n\t\t\t\t\t<div class=\"e-con-inner\">\n\t\t\t\t<div class=\"elementor-element elementor-element-9a5f590 elementor-widget elementor-widget-text-editor\" data-id=\"9a5f590\" data-element_type=\"widget\" data-e-type=\"widget\" data-widget_type=\"text-editor.default\">\n\t\t\t\t\t\t\t\t\t<p>\u00a9 2026 G\u00eete Les Intemporels \u2013 Tous droits r\u00e9serv\u00e9s<\/p>\t\t\t\t\t\t\t\t<\/div>\n\t\t\t\t\t<\/div>\n\t\t\t\t<\/div>\n\t\t\t\t<\/div>\n\t\t","protected":false},"excerpt":{"rendered":"<p>D\u00e9couvrez la Bourgogne du Sud Nos bonnes adresses autour de Cuisery NOS COUPS DE C\u0152UR AUTOUR DE CUISERY Villages de [&hellip;]<\/p>\n","protected":false},"author":1,"featured_media":0,"parent":0,"menu_order":0,"comment_status":"closed","ping_status":"closed","template":"","meta":{"site-sidebar-layout":"no-sidebar","site-content-layout":"","ast-site-content-layout":"full-width-container","site-content-style":"default","site-sidebar-style":"default","ast-global-header-display":"","ast-banner-title-visibility":"","ast-main-header-display":"","ast-hfb-above-header-display":"","ast-hfb-below-header-display":"","ast-hfb-mobile-header-display":"","site-post-title":"","ast-breadcrumbs-content":"","ast-featured-img":"disabled","footer-sml-layout":"","ast-disable-related-posts":"","theme-transparent-header-meta":"","adv-header-id-meta":"","stick-header-meta":"","header-above-stick-meta":"","header-main-stick-meta":"","header-below-stick-meta":"","astra-migrate-meta-layouts":"default","ast-page-background-enabled":"default","ast-page-background-meta":{"desktop":{"background-color":"var(--ast-global-color-5)","background-image":"","background-repeat":"repeat","background-position":"center center","background-size":"auto","background-attachment":"scroll","background-type":"","background-media":"","overlay-type":"","overlay-color":"","overlay-opacity":"","overlay-gradient":""},"tablet":{"background-color":"","background-image":"","background-repeat":"repeat","background-position":"center center","background-size":"auto","background-attachment":"scroll","background-type":"","background-media":"","overlay-type":"","overlay-color":"","overlay-opacity":"","overlay-gradient":""},"mobile":{"background-color":"","background-image":"","background-repeat":"repeat","background-position":"center center","background-size":"auto","background-attachment":"scroll","background-type":"","background-media":"","overlay-type":"","overlay-color":"","overlay-opacity":"","overlay-gradient":""}},"ast-content-background-meta":{"desktop":{"background-color":"var(--ast-global-color-4)","background-image":"","background-repeat":"repeat","background-position":"center center","background-size":"auto","background-attachment":"scroll","background-type":"","background-media":"","overlay-type":"","overlay-color":"","overlay-opacity":"","overlay-gradient":""},"tablet":{"background-color":"var(--ast-global-color-4)","background-image":"","background-repeat":"repeat","background-position":"center center","background-size":"auto","background-attachment":"scroll","background-type":"","background-media":"","overlay-type":"","overlay-color":"","overlay-opacity":"","overlay-gradient":""},"mobile":{"background-color":"var(--ast-global-color-4)","background-image":"","background-repeat":"repeat","background-position":"center center","background-size":"auto","background-attachment":"scroll","background-type":"","background-media":"","overlay-type":"","overlay-color":"","overlay-opacity":"","overlay-gradient":""}},"footnotes":""},"class_list":["post-3101","page","type-page","status-publish","hentry"],"yoast_head":"<!-- This site is optimized with the Yoast SEO plugin v27.9 - https:\/\/yoast.com\/product\/yoast-seo-wordpress\/ -->\n<title>Guide touristique en Bourgogne du Sud | G\u00eete Les Intemporels<\/title>\n<meta name=\"description\" content=\"Le G\u00eete Les Intemporels vous partage ses bonnes adresses, visites, march\u00e9s, restaurants et balades autour de Cuisery, Tournus et en Bourgogne du Sud.\" \/>\n<meta name=\"robots\" content=\"index, follow, max-snippet:-1, max-image-preview:large, max-video-preview:-1\" \/>\n<link rel=\"canonical\" href=\"https:\/\/gitelesintemporels.fr\/en\/guide-touristique-bourgogne-du-sud\/\" \/>\n<meta property=\"og:locale\" content=\"en_GB\" \/>\n<meta property=\"og:type\" content=\"article\" \/>\n<meta property=\"og:title\" content=\"Guide touristique en Bourgogne du Sud | G\u00eete Les Intemporels\" \/>\n<meta property=\"og:description\" content=\"Le G\u00eete Les Intemporels vous partage ses bonnes adresses, visites, march\u00e9s, restaurants et balades autour de Cuisery, Tournus et en Bourgogne du Sud.\" \/>\n<meta property=\"og:url\" content=\"https:\/\/gitelesintemporels.fr\/en\/guide-touristique-bourgogne-du-sud\/\" \/>\n<meta property=\"og:site_name\" content=\"G\u00eete Les Intemporels\" \/>\n<meta property=\"article:modified_time\" content=\"2026-08-15T13:36:01+00:00\" \/>\n<meta property=\"og:image\" content=\"https:\/\/gitelesintemporels.fr\/wp-content\/uploads\/2026\/08\/gite-les-intemporels-village-du-livre.jpg\" \/>\n\t<meta property=\"og:image:width\" content=\"670\" \/>\n\t<meta property=\"og:image:height\" content=\"447\" \/>\n\t<meta property=\"og:image:type\" content=\"image\/jpeg\" \/>\n<meta name=\"twitter:card\" content=\"summary_large_image\" \/>\n<meta name=\"twitter:label1\" content=\"Estimated reading time\" \/>\n\t<meta name=\"twitter:data1\" content=\"8 minutes\" \/>\n<script type=\"application\/ld+json\" class=\"yoast-schema-graph\">{\"@context\":\"https:\\\/\\\/schema.org\",\"@graph\":[{\"@type\":\"WebPage\",\"@id\":\"https:\\\/\\\/gitelesintemporels.fr\\\/guide-touristique-bourgogne-du-sud\\\/\",\"url\":\"https:\\\/\\\/gitelesintemporels.fr\\\/guide-touristique-bourgogne-du-sud\\\/\",\"name\":\"Guide touristique en Bourgogne du Sud | G\u00eete Les Intemporels\",\"isPartOf\":{\"@id\":\"https:\\\/\\\/gitelesintemporels.fr\\\/#website\"},\"primaryImageOfPage\":{\"@id\":\"https:\\\/\\\/gitelesintemporels.fr\\\/guide-touristique-bourgogne-du-sud\\\/#primaryimage\"},\"image\":{\"@id\":\"https:\\\/\\\/gitelesintemporels.fr\\\/guide-touristique-bourgogne-du-sud\\\/#primaryimage\"},\"thumbnailUrl\":\"https:\\\/\\\/gitelesintemporels.fr\\\/wp-content\\\/uploads\\\/2026\\\/08\\\/gite-les-intemporels-village-du-livre.jpg\",\"datePublished\":\"2026-08-12T12:57:17+00:00\",\"dateModified\":\"2026-08-15T13:36:01+00:00\",\"description\":\"Le G\u00eete Les Intemporels vous partage ses bonnes adresses, visites, march\u00e9s, restaurants et balades autour de Cuisery, Tournus et en Bourgogne du Sud.\",\"breadcrumb\":{\"@id\":\"https:\\\/\\\/gitelesintemporels.fr\\\/guide-touristique-bourgogne-du-sud\\\/#breadcrumb\"},\"inLanguage\":\"en-GB\",\"potentialAction\":[{\"@type\":\"ReadAction\",\"target\":[\"https:\\\/\\\/gitelesintemporels.fr\\\/guide-touristique-bourgogne-du-sud\\\/\"]}]},{\"@type\":\"ImageObject\",\"inLanguage\":\"en-GB\",\"@id\":\"https:\\\/\\\/gitelesintemporels.fr\\\/guide-touristique-bourgogne-du-sud\\\/#primaryimage\",\"url\":\"https:\\\/\\\/gitelesintemporels.fr\\\/wp-content\\\/uploads\\\/2026\\\/08\\\/gite-les-intemporels-village-du-livre.jpg\",\"contentUrl\":\"https:\\\/\\\/gitelesintemporels.fr\\\/wp-content\\\/uploads\\\/2026\\\/08\\\/gite-les-intemporels-village-du-livre.jpg\"},{\"@type\":\"BreadcrumbList\",\"@id\":\"https:\\\/\\\/gitelesintemporels.fr\\\/guide-touristique-bourgogne-du-sud\\\/#breadcrumb\",\"itemListElement\":[{\"@type\":\"ListItem\",\"position\":1,\"name\":\"Accueil\",\"item\":\"https:\\\/\\\/gitelesintemporels.fr\\\/\"},{\"@type\":\"ListItem\",\"position\":2,\"name\":\"Guide touristique\"}]},{\"@type\":\"WebSite\",\"@id\":\"https:\\\/\\\/gitelesintemporels.fr\\\/#website\",\"url\":\"https:\\\/\\\/gitelesintemporels.fr\\\/\",\"name\":\"G\u00eete Les Intemporels\",\"description\":\"G\u00eetes de charme haut de gamme avec piscine chauff\u00e9e\",\"publisher\":{\"@id\":\"https:\\\/\\\/gitelesintemporels.fr\\\/#organization\"},\"potentialAction\":[{\"@type\":\"SearchAction\",\"target\":{\"@type\":\"EntryPoint\",\"urlTemplate\":\"https:\\\/\\\/gitelesintemporels.fr\\\/?s={search_term_string}\"},\"query-input\":{\"@type\":\"PropertyValueSpecification\",\"valueRequired\":true,\"valueName\":\"search_term_string\"}}],\"inLanguage\":\"en-GB\"},{\"@type\":\"Organization\",\"@id\":\"https:\\\/\\\/gitelesintemporels.fr\\\/#organization\",\"name\":\"G\u00eete Les Intemporels\",\"url\":\"https:\\\/\\\/gitelesintemporels.fr\\\/\",\"logo\":{\"@type\":\"ImageObject\",\"inLanguage\":\"en-GB\",\"@id\":\"https:\\\/\\\/gitelesintemporels.fr\\\/#\\\/schema\\\/logo\\\/image\\\/\",\"url\":\"https:\\\/\\\/gitelesintemporels.fr\\\/wp-content\\\/uploads\\\/2026\\\/05\\\/cropped-gite-les-intemporels-gite-4-etoiles-cuisery-saone-et-loire-bourgogne.webp\",\"contentUrl\":\"https:\\\/\\\/gitelesintemporels.fr\\\/wp-content\\\/uploads\\\/2026\\\/05\\\/cropped-gite-les-intemporels-gite-4-etoiles-cuisery-saone-et-loire-bourgogne.webp\",\"width\":425,\"height\":402,\"caption\":\"G\u00eete Les Intemporels\"},\"image\":{\"@id\":\"https:\\\/\\\/gitelesintemporels.fr\\\/#\\\/schema\\\/logo\\\/image\\\/\"}}]}<\/script>\n<!-- \/ Yoast SEO plugin. -->","yoast_head_json":{"title":"Guide touristique en Bourgogne du Sud | G\u00eete Les Intemporels","description":"Le G\u00eete Les Intemporels vous partage ses bonnes adresses, visites, march\u00e9s, restaurants et balades autour de Cuisery, Tournus et en Bourgogne du Sud.","robots":{"index":"index","follow":"follow","max-snippet":"max-snippet:-1","max-image-preview":"max-image-preview:large","max-video-preview":"max-video-preview:-1"},"canonical":"https:\/\/gitelesintemporels.fr\/en\/guide-touristique-bourgogne-du-sud\/","og_locale":"en_GB","og_type":"article","og_title":"Guide touristique en Bourgogne du Sud | G\u00eete Les Intemporels","og_description":"Le G\u00eete Les Intemporels vous partage ses bonnes adresses, visites, march\u00e9s, restaurants et balades autour de Cuisery, Tournus et en Bourgogne du Sud.","og_url":"https:\/\/gitelesintemporels.fr\/en\/guide-touristique-bourgogne-du-sud\/","og_site_name":"G\u00eete Les Intemporels","article_modified_time":"2026-08-15T13:36:01+00:00","og_image":[{"width":670,"height":447,"url":"https:\/\/gitelesintemporels.fr\/wp-content\/uploads\/2026\/08\/gite-les-intemporels-village-du-livre.jpg","type":"image\/jpeg"}],"twitter_card":"summary_large_image","twitter_misc":{"Estimated reading time":"8 minutes"},"schema":{"@context":"https:\/\/schema.org","@graph":[{"@type":"WebPage","@id":"https:\/\/gitelesintemporels.fr\/guide-touristique-bourgogne-du-sud\/","url":"https:\/\/gitelesintemporels.fr\/guide-touristique-bourgogne-du-sud\/","name":"Guide touristique en Bourgogne du Sud | G\u00eete Les Intemporels","isPartOf":{"@id":"https:\/\/gitelesintemporels.fr\/#website"},"primaryImageOfPage":{"@id":"https:\/\/gitelesintemporels.fr\/guide-touristique-bourgogne-du-sud\/#primaryimage"},"image":{"@id":"https:\/\/gitelesintemporels.fr\/guide-touristique-bourgogne-du-sud\/#primaryimage"},"thumbnailUrl":"https:\/\/gitelesintemporels.fr\/wp-content\/uploads\/2026\/08\/gite-les-intemporels-village-du-livre.jpg","datePublished":"2026-08-12T12:57:17+00:00","dateModified":"2026-08-15T13:36:01+00:00","description":"Le G\u00eete Les Intemporels vous partage ses bonnes adresses, visites, march\u00e9s, restaurants et balades autour de Cuisery, Tournus et en Bourgogne du Sud.","breadcrumb":{"@id":"https:\/\/gitelesintemporels.fr\/guide-touristique-bourgogne-du-sud\/#breadcrumb"},"inLanguage":"en-GB","potentialAction":[{"@type":"ReadAction","target":["https:\/\/gitelesintemporels.fr\/guide-touristique-bourgogne-du-sud\/"]}]},{"@type":"ImageObject","inLanguage":"en-GB","@id":"https:\/\/gitelesintemporels.fr\/guide-touristique-bourgogne-du-sud\/#primaryimage","url":"https:\/\/gitelesintemporels.fr\/wp-content\/uploads\/2026\/08\/gite-les-intemporels-village-du-livre.jpg","contentUrl":"https:\/\/gitelesintemporels.fr\/wp-content\/uploads\/2026\/08\/gite-les-intemporels-village-du-livre.jpg"},{"@type":"BreadcrumbList","@id":"https:\/\/gitelesintemporels.fr\/guide-touristique-bourgogne-du-sud\/#breadcrumb","itemListElement":[{"@type":"ListItem","position":1,"name":"Accueil","item":"https:\/\/gitelesintemporels.fr\/"},{"@type":"ListItem","position":2,"name":"Guide touristique"}]},{"@type":"WebSite","@id":"https:\/\/gitelesintemporels.fr\/#website","url":"https:\/\/gitelesintemporels.fr\/","name":"Les Intemporels holiday rental","description":"G\u00eetes de charme haut de gamme avec piscine chauff\u00e9e","publisher":{"@id":"https:\/\/gitelesintemporels.fr\/#organization"},"potentialAction":[{"@type":"SearchAction","target":{"@type":"EntryPoint","urlTemplate":"https:\/\/gitelesintemporels.fr\/?s={search_term_string}"},"query-input":{"@type":"PropertyValueSpecification","valueRequired":true,"valueName":"search_term_string"}}],"inLanguage":"en-GB"},{"@type":"Organization","@id":"https:\/\/gitelesintemporels.fr\/#organization","name":"Les Intemporels holiday rental","url":"https:\/\/gitelesintemporels.fr\/","logo":{"@type":"ImageObject","inLanguage":"en-GB","@id":"https:\/\/gitelesintemporels.fr\/#\/schema\/logo\/image\/","url":"https:\/\/gitelesintemporels.fr\/wp-content\/uploads\/2026\/05\/cropped-gite-les-intemporels-gite-4-etoiles-cuisery-saone-et-loire-bourgogne.webp","contentUrl":"https:\/\/gitelesintemporels.fr\/wp-content\/uploads\/2026\/05\/cropped-gite-les-intemporels-gite-4-etoiles-cuisery-saone-et-loire-bourgogne.webp","width":425,"height":402,"caption":"G\u00eete Les Intemporels"},"image":{"@id":"https:\/\/gitelesintemporels.fr\/#\/schema\/logo\/image\/"}}]}},"_links":{"self":[{"href":"https:\/\/gitelesintemporels.fr\/en\/wp-json\/wp\/v2\/pages\/3101","targetHints":{"allow":["GET"]}}],"collection":[{"href":"https:\/\/gitelesintemporels.fr\/en\/wp-json\/wp\/v2\/pages"}],"about":[{"href":"https:\/\/gitelesintemporels.fr\/en\/wp-json\/wp\/v2\/types\/page"}],"author":[{"embeddable":true,"href":"https:\/\/gitelesintemporels.fr\/en\/wp-json\/wp\/v2\/users\/1"}],"replies":[{"embeddable":true,"href":"https:\/\/gitelesintemporels.fr\/en\/wp-json\/wp\/v2\/comments?post=3101"}],"version-history":[{"count":137,"href":"https:\/\/gitelesintemporels.fr\/en\/wp-json\/wp\/v2\/pages\/3101\/revisions"}],"predecessor-version":[{"id":3297,"href":"https:\/\/gitelesintemporels.fr\/en\/wp-json\/wp\/v2\/pages\/3101\/revisions\/3297"}],"wp:attachment":[{"href":"https:\/\/gitelesintemporels.fr\/en\/wp-json\/wp\/v2\/media?parent=3101"}],"curies":[{"name":"wp","href":"https:\/\/api.w.org\/{rel}","templated":true}]}}